{"id":1016,"date":"2021-12-10T09:07:32","date_gmt":"2021-12-10T08:07:32","guid":{"rendered":"https:\/\/acpv.cat\/animacio\/?page_id=1016"},"modified":"2025-01-31T12:24:05","modified_gmt":"2025-01-31T11:24:05","slug":"curs-el-teatre-social-com-a-eina-danimacio-juvenil","status":"publish","type":"page","link":"https:\/\/acpv.cat\/animacio\/curs-el-teatre-social-com-a-eina-danimacio-juvenil\/","title":{"rendered":"Curs: Teatre i animaci\u00f3 sociocultural"},"content":{"rendered":"<p>[et_pb_section fb_built=&#8221;1&#8243; admin_label=&#8221;section&#8221; _builder_version=&#8221;4.16&#8243; background_color=&#8221;#3a3a3a&#8221; parallax=&#8221;on&#8221; transparent_background=&#8221;off&#8221; global_colors_info=&#8221;{}&#8221;][et_pb_row disabled_on=&#8221;on|on|on&#8221; admin_label=&#8221;row&#8221; _builder_version=&#8221;4.16&#8243; background_size=&#8221;initial&#8221; background_position=&#8221;top_left&#8221; background_repeat=&#8221;repeat&#8221; disabled=&#8221;on&#8221; global_colors_info=&#8221;{}&#8221;][et_pb_column type=&#8221;4_4&#8243; _builder_version=&#8221;4.16&#8243; custom_padding=&#8221;|||&#8221; global_colors_info=&#8221;{}&#8221; custom_padding__hover=&#8221;|||&#8221;][et_pb_blurb image=&#8221;https:\/\/acpv.cat\/animacio\/wp-content\/uploads\/2017\/01\/crayons-1445054_1920.jpg&#8221; image_icon_width=&#8221;none&#8221; _builder_version=&#8221;4.16&#8243; background_size=&#8221;initial&#8221; background_position=&#8221;top_left&#8221; background_repeat=&#8221;repeat&#8221; text_orientation=&#8221;center&#8221; animation=&#8221;off&#8221; use_border_color=&#8221;off&#8221; border_color=&#8221;#ffffff&#8221; border_width=&#8221;1px&#8221; border_style=&#8221;solid&#8221; image_max_width=&#8221;none&#8221; global_colors_info=&#8221;{}&#8221;]<\/p>\n<p>\n&nbsp;<\/p>\n<p>[\/et_pb_blurb][\/et_pb_column][\/et_pb_row][et_pb_row admin_label=&#8221;row&#8221; _builder_version=&#8221;4.16&#8243; background_size=&#8221;initial&#8221; background_position=&#8221;top_left&#8221; background_repeat=&#8221;repeat&#8221; global_colors_info=&#8221;{}&#8221;][et_pb_column type=&#8221;4_4&#8243; _builder_version=&#8221;4.16&#8243; custom_padding=&#8221;|||&#8221; global_colors_info=&#8221;{}&#8221; custom_padding__hover=&#8221;|||&#8221;][et_pb_text _builder_version=&#8221;4.16&#8243; background_size=&#8221;initial&#8221; background_position=&#8221;top_left&#8221; background_repeat=&#8221;repeat&#8221; text_orientation=&#8221;center&#8221; background_layout=&#8221;dark&#8221; module_alignment=&#8221;center&#8221; use_border_color=&#8221;off&#8221; global_colors_info=&#8221;{}&#8221;]<\/p>\n<h1 style=\"font-size: 72px; font-weight: 300;\">Curs: Teatre i animaci\u00f3 sociocultural juvenil<\/h1>\n<p>[\/et_pb_text][\/et_pb_column][\/et_pb_row][\/et_pb_section][et_pb_section fb_built=&#8221;1&#8243; _builder_version=&#8221;4.16&#8243; global_colors_info=&#8221;{}&#8221;][et_pb_row column_structure=&#8221;1_2,1_2&#8243; _builder_version=&#8221;4.16&#8243; background_size=&#8221;initial&#8221; background_position=&#8221;top_left&#8221; background_repeat=&#8221;repeat&#8221; global_colors_info=&#8221;{}&#8221;][et_pb_column type=&#8221;1_2&#8243; _builder_version=&#8221;4.16&#8243; custom_padding=&#8221;|||&#8221; global_colors_info=&#8221;{}&#8221; custom_padding__hover=&#8221;|||&#8221;][et_pb_image src=&#8221;https:\/\/acpv.cat\/animacio\/wp-content\/uploads\/2025\/01\/IMG_20190822_183309-scaled.jpg&#8221; title_text=&#8221;IMG_20190822_183309&#8243; align_tablet=&#8221;center&#8221; align_phone=&#8221;&#8221; align_last_edited=&#8221;on|desktop&#8221; _builder_version=&#8221;4.22.1&#8243; custom_margin=&#8221;5px|||&#8221; use_border_color=&#8221;off&#8221; border_color=&#8221;#ffffff&#8221; border_style=&#8221;solid&#8221; animation=&#8221;off&#8221; sticky=&#8221;off&#8221; global_colors_info=&#8221;{}&#8221;]<\/p>\n<p>\n&nbsp;<\/p>\n<p>[\/et_pb_image][et_pb_divider show_divider=&#8221;off&#8221; disabled_on=&#8221;on|on|off&#8221; _builder_version=&#8221;4.16&#8243; height=&#8221;10px&#8221; hide_on_mobile=&#8221;on&#8221; global_colors_info=&#8221;{}&#8221;]<\/p>\n<p>\n&nbsp;<\/p>\n<p>[\/et_pb_divider][et_pb_text _builder_version=&#8221;4.16&#8243; text_line_height=&#8221;1.6em&#8221; background_size=&#8221;initial&#8221; background_position=&#8221;top_left&#8221; background_repeat=&#8221;repeat&#8221; custom_css_main_element=&#8221;border-radius: 20px; ||-webkit-border-radius: 20px; ||-moz-border-radius: 20px; ||padding:20px;&#8221; border_width_all=&#8221;2px&#8221; border_color_all=&#8221;#e0b455&#8243; use_border_color=&#8221;on&#8221; global_colors_info=&#8221;{}&#8221;]<\/p>\n<p>\u00a0<strong>Teatre i Animaci\u00f3 Sociocultural Juvenil: Eines per a la Inclusi\u00f3 i la Transformaci\u00f3 Social\u00a0<\/strong><\/p>\n<p><b><span data-contrast=\"none\">Duraci\u00f3 total:<\/span><\/b><span data-contrast=\"none\"> 21 hores (6 sessions de 3,5 hores)<\/span><span>\u00a0<br \/><\/span><b><span data-contrast=\"none\">Objectiu general:<\/span><\/b><span data-contrast=\"none\"> Proporcionar eines teatrals que fomenten la inclusi\u00f3, la participaci\u00f3 i la reflexi\u00f3 cr\u00edtica en contextos juvenils, integrant elements de teatre f\u00edsic, teatre de l\u2019oprimit i animaci\u00f3 sociocultural.<\/span><span data-ccp-props=\"{&quot;335551550&quot;:1,&quot;335551620&quot;:1,&quot;335559738&quot;:0,&quot;335559739&quot;:300}\">\u00a0<\/span><\/p>\n<p>El curs va dirigit a persones monitores d\u2019oci i temps lliure, professionals de l\u2019animaci\u00f3 sociocultural i de l\u2019animaci\u00f3 juvenil.\u00a0<\/p>\n<p>\u00c9s un curs introductori i pret\u00e9n donar a con\u00e9ixer les possibilitats que ens ofereix el teatre com a ferramenta educativa i els seus principis metodol\u00f2gics de manera vivencial i pr\u00e0ctica.<\/p>\n<p>[\/et_pb_text][et_pb_text _builder_version=&#8221;4.16&#8243; text_line_height=&#8221;1.6em&#8221; background_size=&#8221;initial&#8221; background_position=&#8221;top_left&#8221; background_repeat=&#8221;repeat&#8221; custom_css_main_element=&#8221;border-radius: 20px; ||-webkit-border-radius: 20px; ||-moz-border-radius: 20px; ||padding:20px;&#8221; border_width_all=&#8221;2px&#8221; border_color_all=&#8221;#e0b455&#8243; use_border_color=&#8221;on&#8221; global_colors_info=&#8221;{}&#8221;]<\/p>\n<h3><strong><span style=\"color: #339966;\">MATR\u00cdCULA OBERTA<\/span><\/strong><\/h3>\n<p>[\/et_pb_text][et_pb_image src=&#8221;https:\/\/acpv.cat\/animacio\/wp-content\/uploads\/2025\/01\/espejo.jpeg&#8221; title_text=&#8221;espejo&#8221; _builder_version=&#8221;4.22.1&#8243; _module_preset=&#8221;default&#8221; global_colors_info=&#8221;{}&#8221;][\/et_pb_image][et_pb_text _builder_version=&#8221;4.22.1&#8243; _module_preset=&#8221;default&#8221; custom_padding=&#8221;||0px|||&#8221; global_colors_info=&#8221;{}&#8221;][\/et_pb_text][\/et_pb_column][et_pb_column type=&#8221;1_2&#8243; _builder_version=&#8221;4.16&#8243; custom_padding=&#8221;|||&#8221; global_colors_info=&#8221;{}&#8221; custom_padding__hover=&#8221;|||&#8221;][et_pb_text disabled_on=&#8221;on|on|on&#8221; admin_label=&#8221;Calendari MATL&#8221; _builder_version=&#8221;4.22.1&#8243; background_size=&#8221;initial&#8221; background_position=&#8221;top_left&#8221; background_repeat=&#8221;repeat&#8221; use_border_color=&#8221;off&#8221; border_color=&#8221;#ffffff&#8221; border_style=&#8221;solid&#8221; disabled=&#8221;on&#8221; global_colors_info=&#8221;{}&#8221;]<\/p>\n<p style=\"text-align: center;\"><div class=\"simcal-calendar simcal-default-calendar simcal-default-calendar-grid simcal-default-calendar-light\" data-calendar-id=\"539\" data-timezone=\"Europe\/Andorra\" data-offset=\"7200\" data-week-start=\"1\" data-calendar-start=\"1547074800\" data-calendar-end=\"1556575141\" data-events-first=\"1549234859\" data-events-last=\"1556575141\">\n\t\t\t\n            <table class=\"simcal-calendar-grid\"\n                   data-event-bubble-trigger=\"hover\">\n                <thead class=\"simcal-calendar-head\">\n                <tr>\n\t\t\t\t\t                        <th class=\"simcal-nav simcal-prev-wrapper\" colspan=\"1\">\n                            <button class=\"simcal-nav-button simcal-month-nav simcal-prev\" title=\"Mes anterior\"><i class=\"simcal-icon-left\"><\/i><\/button>\n                        <\/th>\n\t\t\t\t\t                    <th colspan=\"5\"\n                        class=\"simcal-nav simcal-current\"\n                        data-calendar-current=\"1547074800\">\n\t\t\t\t\t\t<h3> <span class=\"simcal-current-month\">gener<\/span>  <span class=\"simcal-current-year\">2019<\/span> <\/h3>                    <\/th>\n\t\t\t\t\t                        <th class=\"simcal-nav simcal-next-wrapper\" colspan=\"1\">\n                            <button class=\"simcal-nav-button simcal-month-nav simcal-next\" title=\"Mes seg\u00fcent\"><i class=\"simcal-icon-right\"><\/i><\/button>\n                        <\/th>\n\t\t\t\t\t                <\/tr>\n                <tr>\n\t\t\t\t\t                        <th class=\"simcal-week-day simcal-week-day-1\"\n                            data-screen-small=\"D\"\n                            data-screen-medium=\"Dl\"\n                            data-screen-large=\"Dilluns\">Dl<\/th>\n\t\t\t\t\t\t                        <th class=\"simcal-week-day simcal-week-day-2\"\n                            data-screen-small=\"D\"\n                            data-screen-medium=\"Dt\"\n                            data-screen-large=\"Dimarts\">Dt<\/th>\n\t\t\t\t\t\t                        <th class=\"simcal-week-day simcal-week-day-3\"\n                            data-screen-small=\"D\"\n                            data-screen-medium=\"Dc\"\n                            data-screen-large=\"Dimecres\">Dc<\/th>\n\t\t\t\t\t\t                        <th class=\"simcal-week-day simcal-week-day-4\"\n                            data-screen-small=\"D\"\n                            data-screen-medium=\"Dj\"\n                            data-screen-large=\"Dijous\">Dj<\/th>\n\t\t\t\t\t\t                        <th class=\"simcal-week-day simcal-week-day-5\"\n                            data-screen-small=\"D\"\n                            data-screen-medium=\"Dv\"\n                            data-screen-large=\"Divendres\">Dv<\/th>\n\t\t\t\t\t\t                        <th class=\"simcal-week-day simcal-week-day-6\"\n                            data-screen-small=\"D\"\n                            data-screen-medium=\"Ds\"\n                            data-screen-large=\"Dissabte\">Ds<\/th>\n\t\t\t\t\t\t                            <th class=\"simcal-week-day simcal-week-day-0\"\n                                data-screen-small=\"D\"\n                                data-screen-medium=\"Dg\"\n                                data-screen-large=\"Diumenge\">Dg<\/th>\n\t\t\t\t\t\t\t                <\/tr>\n                <\/thead>\n\n\t\t\t\t<tbody class=\"simcal-month simcal-month-1\">\n\t<tr class=\"simcal-week simcal-week-1\"><td class=\"simcal-day simcal-day-void simcal-day-void-last\"><\/td>\n<td class=\"simcal-day-1 simcal-weekday-2 simcal-past simcal-day\" data-events-count=\"0\">\n\t<div>\n\t\t<span class=\"simcal-day-label simcal-day-number\">1<\/span>\n\t\t<span class=\"simcal-no-events\"><\/span>\n\t\t<span class=\"simcal-events-dots\" style=\"display: none;\"><\/span>\n\t<\/div>\n<\/td>\n<td class=\"simcal-day-2 simcal-weekday-3 simcal-past simcal-day\" data-events-count=\"0\">\n\t<div>\n\t\t<span class=\"simcal-day-label simcal-day-number\">2<\/span>\n\t\t<span class=\"simcal-no-events\"><\/span>\n\t\t<span class=\"simcal-events-dots\" style=\"display: none;\"><\/span>\n\t<\/div>\n<\/td>\n<td class=\"simcal-day-3 simcal-weekday-4 simcal-past simcal-day\" data-events-count=\"0\">\n\t<div>\n\t\t<span class=\"simcal-day-label simcal-day-number\">3<\/span>\n\t\t<span class=\"simcal-no-events\"><\/span>\n\t\t<span class=\"simcal-events-dots\" style=\"display: none;\"><\/span>\n\t<\/div>\n<\/td>\n<td class=\"simcal-day-4 simcal-weekday-5 simcal-past simcal-day\" data-events-count=\"0\">\n\t<div>\n\t\t<span class=\"simcal-day-label simcal-day-number\">4<\/span>\n\t\t<span class=\"simcal-no-events\"><\/span>\n\t\t<span class=\"simcal-events-dots\" style=\"display: none;\"><\/span>\n\t<\/div>\n<\/td>\n<td class=\"simcal-day-5 simcal-weekday-6 simcal-past simcal-day\" data-events-count=\"0\">\n\t<div>\n\t\t<span class=\"simcal-day-label simcal-day-number\">5<\/span>\n\t\t<span class=\"simcal-no-events\"><\/span>\n\t\t<span class=\"simcal-events-dots\" style=\"display: none;\"><\/span>\n\t<\/div>\n<\/td>\n<td class=\"simcal-day-6 simcal-weekday-0 simcal-past simcal-day\" data-events-count=\"0\">\n\t<div>\n\t\t<span class=\"simcal-day-label simcal-day-number\">6<\/span>\n\t\t<span class=\"simcal-no-events\"><\/span>\n\t\t<span class=\"simcal-events-dots\" style=\"display: none;\"><\/span>\n\t<\/div>\n<\/td>\n<\/tr><tr class=\"simcal-week simcal-week-1\">\n<td class=\"simcal-day-7 simcal-weekday-1 simcal-past simcal-day\" data-events-count=\"0\">\n\t<div>\n\t\t<span class=\"simcal-day-label simcal-day-number\">7<\/span>\n\t\t<span class=\"simcal-no-events\"><\/span>\n\t\t<span class=\"simcal-events-dots\" style=\"display: none;\"><\/span>\n\t<\/div>\n<\/td>\n<td class=\"simcal-day-8 simcal-weekday-2 simcal-past simcal-day\" data-events-count=\"0\">\n\t<div>\n\t\t<span class=\"simcal-day-label simcal-day-number\">8<\/span>\n\t\t<span class=\"simcal-no-events\"><\/span>\n\t\t<span class=\"simcal-events-dots\" style=\"display: none;\"><\/span>\n\t<\/div>\n<\/td>\n<td class=\"simcal-day-9 simcal-weekday-3 simcal-past simcal-day\" data-events-count=\"0\">\n\t<div>\n\t\t<span class=\"simcal-day-label simcal-day-number\">9<\/span>\n\t\t<span class=\"simcal-no-events\"><\/span>\n\t\t<span class=\"simcal-events-dots\" style=\"display: none;\"><\/span>\n\t<\/div>\n<\/td>\n<td class=\"simcal-day-10 simcal-weekday-4 simcal-past simcal-day\" data-events-count=\"0\">\n\t<div>\n\t\t<span class=\"simcal-day-label simcal-day-number\">10<\/span>\n\t\t<span class=\"simcal-no-events\"><\/span>\n\t\t<span class=\"simcal-events-dots\" style=\"display: none;\"><\/span>\n\t<\/div>\n<\/td>\n<td class=\"simcal-day-11 simcal-weekday-5 simcal-past simcal-day\" data-events-count=\"0\">\n\t<div>\n\t\t<span class=\"simcal-day-label simcal-day-number\">11<\/span>\n\t\t<span class=\"simcal-no-events\"><\/span>\n\t\t<span class=\"simcal-events-dots\" style=\"display: none;\"><\/span>\n\t<\/div>\n<\/td>\n<td class=\"simcal-day-12 simcal-weekday-6 simcal-past simcal-day\" data-events-count=\"0\">\n\t<div>\n\t\t<span class=\"simcal-day-label simcal-day-number\">12<\/span>\n\t\t<span class=\"simcal-no-events\"><\/span>\n\t\t<span class=\"simcal-events-dots\" style=\"display: none;\"><\/span>\n\t<\/div>\n<\/td>\n<td class=\"simcal-day-13 simcal-weekday-0 simcal-past simcal-day\" data-events-count=\"0\">\n\t<div>\n\t\t<span class=\"simcal-day-label simcal-day-number\">13<\/span>\n\t\t<span class=\"simcal-no-events\"><\/span>\n\t\t<span class=\"simcal-events-dots\" style=\"display: none;\"><\/span>\n\t<\/div>\n<\/td>\n<\/tr><tr class=\"simcal-week simcal-week-2\">\n<td class=\"simcal-day-14 simcal-weekday-1 simcal-past simcal-day\" data-events-count=\"0\">\n\t<div>\n\t\t<span class=\"simcal-day-label simcal-day-number\">14<\/span>\n\t\t<span class=\"simcal-no-events\"><\/span>\n\t\t<span class=\"simcal-events-dots\" style=\"display: none;\"><\/span>\n\t<\/div>\n<\/td>\n<td class=\"simcal-day-15 simcal-weekday-2 simcal-past simcal-day\" data-events-count=\"0\">\n\t<div>\n\t\t<span class=\"simcal-day-label simcal-day-number\">15<\/span>\n\t\t<span class=\"simcal-no-events\"><\/span>\n\t\t<span class=\"simcal-events-dots\" style=\"display: none;\"><\/span>\n\t<\/div>\n<\/td>\n<td class=\"simcal-day-16 simcal-weekday-3 simcal-past simcal-day\" data-events-count=\"0\">\n\t<div>\n\t\t<span class=\"simcal-day-label simcal-day-number\">16<\/span>\n\t\t<span class=\"simcal-no-events\"><\/span>\n\t\t<span class=\"simcal-events-dots\" style=\"display: none;\"><\/span>\n\t<\/div>\n<\/td>\n<td class=\"simcal-day-17 simcal-weekday-4 simcal-past simcal-day\" data-events-count=\"0\">\n\t<div>\n\t\t<span class=\"simcal-day-label simcal-day-number\">17<\/span>\n\t\t<span class=\"simcal-no-events\"><\/span>\n\t\t<span class=\"simcal-events-dots\" style=\"display: none;\"><\/span>\n\t<\/div>\n<\/td>\n<td class=\"simcal-day-18 simcal-weekday-5 simcal-past simcal-day\" data-events-count=\"0\">\n\t<div>\n\t\t<span class=\"simcal-day-label simcal-day-number\">18<\/span>\n\t\t<span class=\"simcal-no-events\"><\/span>\n\t\t<span class=\"simcal-events-dots\" style=\"display: none;\"><\/span>\n\t<\/div>\n<\/td>\n<td class=\"simcal-day-19 simcal-weekday-6 simcal-past simcal-day\" data-events-count=\"0\">\n\t<div>\n\t\t<span class=\"simcal-day-label simcal-day-number\">19<\/span>\n\t\t<span class=\"simcal-no-events\"><\/span>\n\t\t<span class=\"simcal-events-dots\" style=\"display: none;\"><\/span>\n\t<\/div>\n<\/td>\n<td class=\"simcal-day-20 simcal-weekday-0 simcal-past simcal-day\" data-events-count=\"0\">\n\t<div>\n\t\t<span class=\"simcal-day-label simcal-day-number\">20<\/span>\n\t\t<span class=\"simcal-no-events\"><\/span>\n\t\t<span class=\"simcal-events-dots\" style=\"display: none;\"><\/span>\n\t<\/div>\n<\/td>\n<\/tr><tr class=\"simcal-week simcal-week-3\">\n<td class=\"simcal-day-21 simcal-weekday-1 simcal-past simcal-day\" data-events-count=\"0\">\n\t<div>\n\t\t<span class=\"simcal-day-label simcal-day-number\">21<\/span>\n\t\t<span class=\"simcal-no-events\"><\/span>\n\t\t<span class=\"simcal-events-dots\" style=\"display: none;\"><\/span>\n\t<\/div>\n<\/td>\n<td class=\"simcal-day-22 simcal-weekday-2 simcal-past simcal-day\" data-events-count=\"0\">\n\t<div>\n\t\t<span class=\"simcal-day-label simcal-day-number\">22<\/span>\n\t\t<span class=\"simcal-no-events\"><\/span>\n\t\t<span class=\"simcal-events-dots\" style=\"display: none;\"><\/span>\n\t<\/div>\n<\/td>\n<td class=\"simcal-day-23 simcal-weekday-3 simcal-past simcal-day\" data-events-count=\"0\">\n\t<div>\n\t\t<span class=\"simcal-day-label simcal-day-number\">23<\/span>\n\t\t<span class=\"simcal-no-events\"><\/span>\n\t\t<span class=\"simcal-events-dots\" style=\"display: none;\"><\/span>\n\t<\/div>\n<\/td>\n<td class=\"simcal-day-24 simcal-weekday-4 simcal-past simcal-day\" data-events-count=\"0\">\n\t<div>\n\t\t<span class=\"simcal-day-label simcal-day-number\">24<\/span>\n\t\t<span class=\"simcal-no-events\"><\/span>\n\t\t<span class=\"simcal-events-dots\" style=\"display: none;\"><\/span>\n\t<\/div>\n<\/td>\n<td class=\"simcal-day-25 simcal-weekday-5 simcal-past simcal-day\" data-events-count=\"0\">\n\t<div>\n\t\t<span class=\"simcal-day-label simcal-day-number\">25<\/span>\n\t\t<span class=\"simcal-no-events\"><\/span>\n\t\t<span class=\"simcal-events-dots\" style=\"display: none;\"><\/span>\n\t<\/div>\n<\/td>\n<td class=\"simcal-day-26 simcal-weekday-6 simcal-past simcal-day\" data-events-count=\"0\">\n\t<div>\n\t\t<span class=\"simcal-day-label simcal-day-number\">26<\/span>\n\t\t<span class=\"simcal-no-events\"><\/span>\n\t\t<span class=\"simcal-events-dots\" style=\"display: none;\"><\/span>\n\t<\/div>\n<\/td>\n<td class=\"simcal-day-27 simcal-weekday-0 simcal-past simcal-day\" data-events-count=\"0\">\n\t<div>\n\t\t<span class=\"simcal-day-label simcal-day-number\">27<\/span>\n\t\t<span class=\"simcal-no-events\"><\/span>\n\t\t<span class=\"simcal-events-dots\" style=\"display: none;\"><\/span>\n\t<\/div>\n<\/td>\n<\/tr><tr class=\"simcal-week simcal-week-4\">\n<td class=\"simcal-day-28 simcal-weekday-1 simcal-past simcal-day\" data-events-count=\"0\">\n\t<div>\n\t\t<span class=\"simcal-day-label simcal-day-number\">28<\/span>\n\t\t<span class=\"simcal-no-events\"><\/span>\n\t\t<span class=\"simcal-events-dots\" style=\"display: none;\"><\/span>\n\t<\/div>\n<\/td>\n<td class=\"simcal-day-29 simcal-weekday-2 simcal-past simcal-day\" data-events-count=\"0\">\n\t<div>\n\t\t<span class=\"simcal-day-label simcal-day-number\">29<\/span>\n\t\t<span class=\"simcal-no-events\"><\/span>\n\t\t<span class=\"simcal-events-dots\" style=\"display: none;\"><\/span>\n\t<\/div>\n<\/td>\n<td class=\"simcal-day-30 simcal-weekday-3 simcal-past simcal-day\" data-events-count=\"0\">\n\t<div>\n\t\t<span class=\"simcal-day-label simcal-day-number\">30<\/span>\n\t\t<span class=\"simcal-no-events\"><\/span>\n\t\t<span class=\"simcal-events-dots\" style=\"display: none;\"><\/span>\n\t<\/div>\n<\/td>\n<td class=\"simcal-day-31 simcal-weekday-4 simcal-past simcal-day\" data-events-count=\"0\">\n\t<div>\n\t\t<span class=\"simcal-day-label simcal-day-number\">31<\/span>\n\t\t<span class=\"simcal-no-events\"><\/span>\n\t\t<span class=\"simcal-events-dots\" style=\"display: none;\"><\/span>\n\t<\/div>\n<\/td>\n<td class=\"simcal-day simcal-day-void \"><\/td>\n<td class=\"simcal-day simcal-day-void \"><\/td>\n<td class=\"simcal-day simcal-day-void simcal-day-void-last\"><\/td>\n\t<\/tr>\n<\/tbody>\n\n            <\/table>\n\n\t\t\t<div class=\"simcal-ajax-loader simcal-spinner-top\" style=\"display: none;\"><i class=\"simcal-icon-spinner simcal-icon-spin\"><\/i><\/div><\/div><\/p>\n<p>[\/et_pb_text][et_pb_image src=&#8221;https:\/\/acpv.cat\/animacio\/wp-content\/uploads\/2025\/01\/CartellTEATREanimsociocult.jpg&#8221; title_text=&#8221;CartellTEATREanimsociocult&#8221; _builder_version=&#8221;4.22.1&#8243; _module_preset=&#8221;default&#8221; border_width_all=&#8221;1px&#8221; border_color_all=&#8221;#E09900&#8243; global_colors_info=&#8221;{}&#8221;][\/et_pb_image][et_pb_image src=&#8221;https:\/\/acpv.cat\/animacio\/wp-content\/uploads\/2025\/01\/IMG_20160629_194135-scaled.jpg&#8221; title_text=&#8221;IMG_20160629_194135&#8243; _builder_version=&#8221;4.22.1&#8243; _module_preset=&#8221;default&#8221; global_colors_info=&#8221;{}&#8221;][\/et_pb_image][et_pb_text _builder_version=&#8221;4.22.1&#8243; _module_preset=&#8221;default&#8221; global_colors_info=&#8221;{}&#8221;]<\/p>\n<p><span style=\"font-size: 14px;\">Curs impartit per Fernando T\u00e9bar. Director i productor format en arts esc\u00e8niques a la <b>Performing <\/b>Arts University de Tor\u00ed. Ha ampliat els seus coneixements amb mestres de prestigi com Antonio Fava, Jes\u00fas Jara, Fabio Mangolini, Chema Carde\u00f1a. Ha produ\u00eft i dirigit m\u00e9s de set espectacles amb l\u2019Associaci\u00f3 de Persones amb Discapacitat Som i Estem, adaptats per a fomentar la inclusi\u00f3 i la participaci\u00f3 cultural. T\u00e9 una llarga traject\u00f2ria en l\u2019\u00fas del teatre com a eina de reflexi\u00f3 i transformaci\u00f3 social, dissenyant projectes que connecten amb tem\u00e0tiques actuals i de gran impacte.<\/span><\/p>\n<p>[\/et_pb_text][\/et_pb_column][\/et_pb_row][\/et_pb_section][et_pb_section fb_built=&#8221;1&#8243; admin_label=&#8221;section&#8221; module_id=&#8221;infomatl&#8221; _builder_version=&#8221;4.16&#8243; global_colors_info=&#8221;{}&#8221;][et_pb_row admin_label=&#8221;row&#8221; _builder_version=&#8221;4.16&#8243; background_size=&#8221;initial&#8221; background_position=&#8221;top_left&#8221; background_repeat=&#8221;repeat&#8221; global_colors_info=&#8221;{}&#8221;][et_pb_column type=&#8221;4_4&#8243; _builder_version=&#8221;4.16&#8243; custom_padding=&#8221;|||&#8221; global_colors_info=&#8221;{}&#8221; custom_padding__hover=&#8221;|||&#8221;][et_pb_text _builder_version=&#8221;4.22.1&#8243; background_size=&#8221;initial&#8221; background_position=&#8221;top_left&#8221; background_repeat=&#8221;repeat&#8221; text_orientation=&#8221;center&#8221; module_alignment=&#8221;center&#8221; use_border_color=&#8221;off&#8221; global_colors_info=&#8221;{}&#8221;]<\/p>\n<p><span style=\"font-size: 24px;\">Teatre i Animaci\u00f3 Sociocultural Juvenil: Eines per a la Inclusi\u00f3 i la Transformaci\u00f3 Social\u00a0<\/span><\/p>\n<p style=\"text-align: center;\">[\/et_pb_text][et_pb_text _builder_version=&#8221;4.22.1&#8243; text_font_size=&#8221;13&#8243; text_line_height=&#8221;1.6em&#8221; background_size=&#8221;initial&#8221; background_position=&#8221;top_left&#8221; background_repeat=&#8221;repeat&#8221; use_border_color=&#8221;off&#8221; global_colors_info=&#8221;{}&#8221;]<\/p>\n<p aria-level=\"2\"><strong>Sessi\u00f3 1: Presa de contacte i conceptes b\u00e0sics teatrals\u00a0<\/strong><\/p>\n<ul>\n<li data-leveltext=\"\uf0b7\" data-font=\"Symbol\" data-listid=\"10\" data-list-defn-props=\"{&quot;335552541&quot;:1,&quot;335559685&quot;:720,&quot;335559991&quot;:360,&quot;469769226&quot;:&quot;Symbol&quot;,&quot;469769242&quot;:[8226],&quot;469777803&quot;:&quot;left&quot;,&quot;469777804&quot;:&quot;\uf0b7&quot;,&quot;469777815&quot;:&quot;multilevel&quot;}\" aria-setsize=\"-1\" data-aria-posinset=\"1\" data-aria-level=\"1\"><b><span data-contrast=\"none\">Objectius:<\/span><\/b><span data-contrast=\"none\">\u00a0<\/span><span data-ccp-props=\"{&quot;335551550&quot;:1,&quot;335551620&quot;:1,&quot;335559738&quot;:0,&quot;335559739&quot;:300}\">\u00a0<\/span><\/li>\n<\/ul>\n<ul>\n<li data-leveltext=\"o\" data-font=\"Courier New\" data-listid=\"10\" data-list-defn-props=\"{&quot;335552541&quot;:1,&quot;335559685&quot;:1440,&quot;335559991&quot;:360,&quot;469769226&quot;:&quot;Courier New&quot;,&quot;469769242&quot;:[9675],&quot;469777803&quot;:&quot;left&quot;,&quot;469777804&quot;:&quot;o&quot;,&quot;469777815&quot;:&quot;multilevel&quot;}\" aria-setsize=\"-1\" data-aria-posinset=\"1\" data-aria-level=\"2\"><span data-contrast=\"none\">Crear un ambient de confian\u00e7a i cohesi\u00f3 en el grup.<\/span><span data-ccp-props=\"{&quot;335551550&quot;:1,&quot;335551620&quot;:1,&quot;335559738&quot;:0,&quot;335559739&quot;:300}\">\u00a0<\/span><\/li>\n<\/ul>\n<ul>\n<li data-leveltext=\"o\" data-font=\"Courier New\" data-listid=\"10\" data-list-defn-props=\"{&quot;335552541&quot;:1,&quot;335559685&quot;:1440,&quot;335559991&quot;:360,&quot;469769226&quot;:&quot;Courier New&quot;,&quot;469769242&quot;:[9675],&quot;469777803&quot;:&quot;left&quot;,&quot;469777804&quot;:&quot;o&quot;,&quot;469777815&quot;:&quot;multilevel&quot;}\" aria-setsize=\"-1\" data-aria-posinset=\"2\" data-aria-level=\"2\"><span data-contrast=\"none\">Introduir les regles i els conceptes b\u00e0sics del treball teatral aplicats a l\u2019\u00e0mbit social.<\/span><span data-ccp-props=\"{&quot;335551550&quot;:1,&quot;335551620&quot;:1,&quot;335559738&quot;:0,&quot;335559739&quot;:300}\">\u00a0<\/span><\/li>\n<\/ul>\n<ul>\n<li data-leveltext=\"\uf0b7\" data-font=\"Symbol\" data-listid=\"10\" data-list-defn-props=\"{&quot;335552541&quot;:1,&quot;335559685&quot;:720,&quot;335559991&quot;:360,&quot;469769226&quot;:&quot;Symbol&quot;,&quot;469769242&quot;:[8226],&quot;469777803&quot;:&quot;left&quot;,&quot;469777804&quot;:&quot;\uf0b7&quot;,&quot;469777815&quot;:&quot;multilevel&quot;}\" aria-setsize=\"-1\" data-aria-posinset=\"2\" data-aria-level=\"1\"><b><span data-contrast=\"none\">Continguts:<\/span><\/b><span data-contrast=\"none\">\u00a0<\/span><span data-ccp-props=\"{&quot;335551550&quot;:1,&quot;335551620&quot;:1,&quot;335559738&quot;:0,&quot;335559739&quot;:300}\">\u00a0<\/span><\/li>\n<\/ul>\n<ul>\n<li data-leveltext=\"o\" data-font=\"Courier New\" data-listid=\"10\" data-list-defn-props=\"{&quot;335552541&quot;:1,&quot;335559685&quot;:1440,&quot;335559991&quot;:360,&quot;469769226&quot;:&quot;Courier New&quot;,&quot;469769242&quot;:[9675],&quot;469777803&quot;:&quot;left&quot;,&quot;469777804&quot;:&quot;o&quot;,&quot;469777815&quot;:&quot;multilevel&quot;}\" aria-setsize=\"-1\" data-aria-posinset=\"1\" data-aria-level=\"2\"><span data-contrast=\"none\">Din\u00e0miques de cohesi\u00f3 i confian\u00e7a grupal.<\/span><span data-ccp-props=\"{&quot;335551550&quot;:1,&quot;335551620&quot;:1,&quot;335559738&quot;:0,&quot;335559739&quot;:300}\">\u00a0<\/span><\/li>\n<\/ul>\n<ul>\n<li data-leveltext=\"o\" data-font=\"Courier New\" data-listid=\"10\" data-list-defn-props=\"{&quot;335552541&quot;:1,&quot;335559685&quot;:1440,&quot;335559991&quot;:360,&quot;469769226&quot;:&quot;Courier New&quot;,&quot;469769242&quot;:[9675],&quot;469777803&quot;:&quot;left&quot;,&quot;469777804&quot;:&quot;o&quot;,&quot;469777815&quot;:&quot;multilevel&quot;}\" aria-setsize=\"-1\" data-aria-posinset=\"2\" data-aria-level=\"2\"><span data-contrast=\"none\">Principis b\u00e0sics del teatre: espai, temps, ritme, escolta activa i pres\u00e8ncia esc\u00e8nica.<\/span><span data-ccp-props=\"{&quot;335551550&quot;:1,&quot;335551620&quot;:1,&quot;335559738&quot;:0,&quot;335559739&quot;:300}\">\u00a0<\/span><\/li>\n<\/ul>\n<ul>\n<li data-leveltext=\"o\" data-font=\"Courier New\" data-listid=\"10\" data-list-defn-props=\"{&quot;335552541&quot;:1,&quot;335559685&quot;:1440,&quot;335559991&quot;:360,&quot;469769226&quot;:&quot;Courier New&quot;,&quot;469769242&quot;:[9675],&quot;469777803&quot;:&quot;left&quot;,&quot;469777804&quot;:&quot;o&quot;,&quot;469777815&quot;:&quot;multilevel&quot;}\" aria-setsize=\"-1\" data-aria-posinset=\"3\" data-aria-level=\"2\"><span data-contrast=\"none\">Regles teatrals fonamentals per al treball col\u00b7lectiu.<\/span> <span style=\"font-size: 13px;\">\u00a0<\/span><\/li>\n<\/ul>\n<p aria-level=\"2\"><strong>Sessi\u00f3 2: Teatre f\u00edsic i expressi\u00f3 corporal (Lecoq)\u00a0<\/strong><\/p>\n<ul>\n<li data-leveltext=\"\uf0b7\" data-font=\"Symbol\" data-listid=\"11\" data-list-defn-props=\"{&quot;335552541&quot;:1,&quot;335559685&quot;:720,&quot;335559991&quot;:360,&quot;469769226&quot;:&quot;Symbol&quot;,&quot;469769242&quot;:[8226],&quot;469777803&quot;:&quot;left&quot;,&quot;469777804&quot;:&quot;\uf0b7&quot;,&quot;469777815&quot;:&quot;multilevel&quot;}\" aria-setsize=\"-1\" data-aria-posinset=\"1\" data-aria-level=\"1\"><b><span data-contrast=\"none\">Objectius:<\/span><\/b><span data-contrast=\"none\">\u00a0<\/span><span data-ccp-props=\"{&quot;335551550&quot;:1,&quot;335551620&quot;:1,&quot;335559738&quot;:0,&quot;335559739&quot;:300}\">\u00a0<\/span><\/li>\n<\/ul>\n<ul>\n<li data-leveltext=\"o\" data-font=\"Courier New\" data-listid=\"11\" data-list-defn-props=\"{&quot;335552541&quot;:1,&quot;335559685&quot;:1440,&quot;335559991&quot;:360,&quot;469769226&quot;:&quot;Courier New&quot;,&quot;469769242&quot;:[9675],&quot;469777803&quot;:&quot;left&quot;,&quot;469777804&quot;:&quot;o&quot;,&quot;469777815&quot;:&quot;multilevel&quot;}\" aria-setsize=\"-1\" data-aria-posinset=\"1\" data-aria-level=\"2\"><span data-contrast=\"none\">Explorar el cos com a eina de comunicaci\u00f3 i creativitat.<\/span><span data-ccp-props=\"{&quot;335551550&quot;:1,&quot;335551620&quot;:1,&quot;335559738&quot;:0,&quot;335559739&quot;:300}\">\u00a0<\/span><\/li>\n<\/ul>\n<ul>\n<li data-leveltext=\"o\" data-font=\"Courier New\" data-listid=\"11\" data-list-defn-props=\"{&quot;335552541&quot;:1,&quot;335559685&quot;:1440,&quot;335559991&quot;:360,&quot;469769226&quot;:&quot;Courier New&quot;,&quot;469769242&quot;:[9675],&quot;469777803&quot;:&quot;left&quot;,&quot;469777804&quot;:&quot;o&quot;,&quot;469777815&quot;:&quot;multilevel&quot;}\" aria-setsize=\"-1\" data-aria-posinset=\"2\" data-aria-level=\"2\"><span data-contrast=\"none\">Comprendre els fonaments del teatre f\u00edsic de Jacques Lecoq.<\/span><span data-ccp-props=\"{&quot;335551550&quot;:1,&quot;335551620&quot;:1,&quot;335559738&quot;:0,&quot;335559739&quot;:300}\">\u00a0<\/span><\/li>\n<\/ul>\n<ul>\n<li data-leveltext=\"\uf0b7\" data-font=\"Symbol\" data-listid=\"11\" data-list-defn-props=\"{&quot;335552541&quot;:1,&quot;335559685&quot;:720,&quot;335559991&quot;:360,&quot;469769226&quot;:&quot;Symbol&quot;,&quot;469769242&quot;:[8226],&quot;469777803&quot;:&quot;left&quot;,&quot;469777804&quot;:&quot;\uf0b7&quot;,&quot;469777815&quot;:&quot;multilevel&quot;}\" aria-setsize=\"-1\" data-aria-posinset=\"2\" data-aria-level=\"1\"><b><span data-contrast=\"none\">Continguts:<\/span><\/b><span data-contrast=\"none\">\u00a0<\/span><span data-ccp-props=\"{&quot;335551550&quot;:1,&quot;335551620&quot;:1,&quot;335559738&quot;:0,&quot;335559739&quot;:300}\">\u00a0<\/span><\/li>\n<\/ul>\n<ul>\n<li data-leveltext=\"o\" data-font=\"Courier New\" data-listid=\"11\" data-list-defn-props=\"{&quot;335552541&quot;:1,&quot;335559685&quot;:1440,&quot;335559991&quot;:360,&quot;469769226&quot;:&quot;Courier New&quot;,&quot;469769242&quot;:[9675],&quot;469777803&quot;:&quot;left&quot;,&quot;469777804&quot;:&quot;o&quot;,&quot;469777815&quot;:&quot;multilevel&quot;}\" aria-setsize=\"-1\" data-aria-posinset=\"1\" data-aria-level=\"2\"><span data-contrast=\"none\">Moviment i pres\u00e8ncia esc\u00e8nica: exploraci\u00f3 de nivells, energia i ritme.<\/span><span data-ccp-props=\"{&quot;335551550&quot;:1,&quot;335551620&quot;:1,&quot;335559738&quot;:0,&quot;335559739&quot;:300}\">\u00a0<\/span><\/li>\n<\/ul>\n<ul>\n<li data-leveltext=\"o\" data-font=\"Courier New\" data-listid=\"11\" data-list-defn-props=\"{&quot;335552541&quot;:1,&quot;335559685&quot;:1440,&quot;335559991&quot;:360,&quot;469769226&quot;:&quot;Courier New&quot;,&quot;469769242&quot;:[9675],&quot;469777803&quot;:&quot;left&quot;,&quot;469777804&quot;:&quot;o&quot;,&quot;469777815&quot;:&quot;multilevel&quot;}\" aria-setsize=\"-1\" data-aria-posinset=\"2\" data-aria-level=\"2\"><span data-contrast=\"none\">Treball amb una m\u00e0scara neutra per a desenvolupar la neutralitat i la consci\u00e8ncia corporal.<\/span><span data-ccp-props=\"{&quot;335551550&quot;:1,&quot;335551620&quot;:1,&quot;335559738&quot;:0,&quot;335559739&quot;:300}\">\u00a0<\/span><\/li>\n<\/ul>\n<ul>\n<li data-leveltext=\"o\" data-font=\"Courier New\" data-listid=\"11\" data-list-defn-props=\"{&quot;335552541&quot;:1,&quot;335559685&quot;:1440,&quot;335559991&quot;:360,&quot;469769226&quot;:&quot;Courier New&quot;,&quot;469769242&quot;:[9675],&quot;469777803&quot;:&quot;left&quot;,&quot;469777804&quot;:&quot;o&quot;,&quot;469777815&quot;:&quot;multilevel&quot;}\" aria-setsize=\"-1\" data-aria-posinset=\"3\" data-aria-level=\"2\"><span data-contrast=\"none\">Creaci\u00f3 de xicotetes peces basades en el llenguatge f\u00edsic.<\/span> <span style=\"font-size: 13px;\">\u00a0<\/span><\/li>\n<\/ul>\n<p aria-level=\"3\"><strong>Sessi\u00f3 3: Teatre i inclusi\u00f3 social per a persones amb discapacitat\u00a0<\/strong><\/p>\n<ul>\n<li data-leveltext=\"\uf0b7\" data-font=\"Symbol\" data-listid=\"12\" data-list-defn-props=\"{&quot;335552541&quot;:1,&quot;335559685&quot;:720,&quot;335559991&quot;:360,&quot;469769226&quot;:&quot;Symbol&quot;,&quot;469769242&quot;:[8226],&quot;469777803&quot;:&quot;left&quot;,&quot;469777804&quot;:&quot;\uf0b7&quot;,&quot;469777815&quot;:&quot;multilevel&quot;}\" aria-setsize=\"-1\" data-aria-posinset=\"1\" data-aria-level=\"1\"><b><span data-contrast=\"none\">Objectius:<\/span><\/b><span data-contrast=\"none\">\u00a0<\/span><span data-ccp-props=\"{&quot;335551550&quot;:1,&quot;335551620&quot;:1,&quot;335559738&quot;:0,&quot;335559739&quot;:300}\">\u00a0<\/span><\/li>\n<\/ul>\n<ul>\n<li data-leveltext=\"o\" data-font=\"Courier New\" data-listid=\"12\" data-list-defn-props=\"{&quot;335552541&quot;:1,&quot;335559685&quot;:1440,&quot;335559991&quot;:360,&quot;469769226&quot;:&quot;Courier New&quot;,&quot;469769242&quot;:[9675],&quot;469777803&quot;:&quot;left&quot;,&quot;469777804&quot;:&quot;o&quot;,&quot;469777815&quot;:&quot;multilevel&quot;}\" aria-setsize=\"-1\" data-aria-posinset=\"1\" data-aria-level=\"2\"><span data-contrast=\"none\">Dissenyar estrat\u00e8gies per a fomentar la participaci\u00f3 de persones amb discapacitat en espectacles teatrals.<\/span><span data-ccp-props=\"{&quot;335551550&quot;:1,&quot;335551620&quot;:1,&quot;335559738&quot;:0,&quot;335559739&quot;:300}\">\u00a0<\/span><\/li>\n<\/ul>\n<ul>\n<li data-leveltext=\"o\" data-font=\"Courier New\" data-listid=\"12\" data-list-defn-props=\"{&quot;335552541&quot;:1,&quot;335559685&quot;:1440,&quot;335559991&quot;:360,&quot;469769226&quot;:&quot;Courier New&quot;,&quot;469769242&quot;:[9675],&quot;469777803&quot;:&quot;left&quot;,&quot;469777804&quot;:&quot;o&quot;,&quot;469777815&quot;:&quot;multilevel&quot;}\" aria-setsize=\"-1\" data-aria-posinset=\"2\" data-aria-level=\"2\"><span data-contrast=\"none\">Reflexionar sobre l\u2019impacte del teatre en la inclusi\u00f3 social.<\/span><span data-ccp-props=\"{&quot;335551550&quot;:1,&quot;335551620&quot;:1,&quot;335559738&quot;:0,&quot;335559739&quot;:300}\">\u00a0<\/span><\/li>\n<\/ul>\n<ul>\n<li data-leveltext=\"\uf0b7\" data-font=\"Symbol\" data-listid=\"12\" data-list-defn-props=\"{&quot;335552541&quot;:1,&quot;335559685&quot;:720,&quot;335559991&quot;:360,&quot;469769226&quot;:&quot;Symbol&quot;,&quot;469769242&quot;:[8226],&quot;469777803&quot;:&quot;left&quot;,&quot;469777804&quot;:&quot;\uf0b7&quot;,&quot;469777815&quot;:&quot;multilevel&quot;}\" aria-setsize=\"-1\" data-aria-posinset=\"2\" data-aria-level=\"1\"><b><span data-contrast=\"none\">Continguts:<\/span><\/b><span data-contrast=\"none\">\u00a0<\/span><span data-ccp-props=\"{&quot;335551550&quot;:1,&quot;335551620&quot;:1,&quot;335559738&quot;:0,&quot;335559739&quot;:300}\">\u00a0<\/span><\/li>\n<\/ul>\n<ul>\n<li data-leveltext=\"o\" data-font=\"Courier New\" data-listid=\"12\" data-list-defn-props=\"{&quot;335552541&quot;:1,&quot;335559685&quot;:1440,&quot;335559991&quot;:360,&quot;469769226&quot;:&quot;Courier New&quot;,&quot;469769242&quot;:[9675],&quot;469777803&quot;:&quot;left&quot;,&quot;469777804&quot;:&quot;o&quot;,&quot;469777815&quot;:&quot;multilevel&quot;}\" aria-setsize=\"-1\" data-aria-posinset=\"1\" data-aria-level=\"2\"><span data-contrast=\"none\">Principis per a la creaci\u00f3 d\u2019espectacles inclusius.<\/span><span data-ccp-props=\"{&quot;335551550&quot;:1,&quot;335551620&quot;:1,&quot;335559738&quot;:0,&quot;335559739&quot;:300}\">\u00a0<\/span><\/li>\n<\/ul>\n<ul>\n<li data-leveltext=\"o\" data-font=\"Courier New\" data-listid=\"12\" data-list-defn-props=\"{&quot;335552541&quot;:1,&quot;335559685&quot;:1440,&quot;335559991&quot;:360,&quot;469769226&quot;:&quot;Courier New&quot;,&quot;469769242&quot;:[9675],&quot;469777803&quot;:&quot;left&quot;,&quot;469777804&quot;:&quot;o&quot;,&quot;469777815&quot;:&quot;multilevel&quot;}\" aria-setsize=\"-1\" data-aria-posinset=\"2\" data-aria-level=\"2\"><span data-contrast=\"none\">T\u00e8cniques d\u2019adaptaci\u00f3 teatral per a diferents capacitats.<\/span><span data-ccp-props=\"{&quot;335551550&quot;:1,&quot;335551620&quot;:1,&quot;335559738&quot;:0,&quot;335559739&quot;:300}\">\u00a0<\/span><\/li>\n<li data-leveltext=\"o\" data-font=\"Courier New\" data-listid=\"12\" data-list-defn-props=\"{&quot;335552541&quot;:1,&quot;335559685&quot;:1440,&quot;335559991&quot;:360,&quot;469769226&quot;:&quot;Courier New&quot;,&quot;469769242&quot;:[9675],&quot;469777803&quot;:&quot;left&quot;,&quot;469777804&quot;:&quot;o&quot;,&quot;469777815&quot;:&quot;multilevel&quot;}\" aria-setsize=\"-1\" data-aria-posinset=\"3\" data-aria-level=\"2\"><span data-contrast=\"none\">Exemples d\u2019espectacles teatrals inclusius reeixits.<\/span><span data-ccp-props=\"{&quot;335551550&quot;:1,&quot;335551620&quot;:1,&quot;335559738&quot;:0,&quot;335559739&quot;:300}\">\u00a0<\/span><\/li>\n<\/ul>\n<p aria-level=\"2\"><strong>Sessi\u00f3 4: M\u00e0scares teatrals i el seu \u00fas en l\u2019animaci\u00f3 sociocultural\u00a0<\/strong><\/p>\n<ul>\n<li data-leveltext=\"\uf0b7\" data-font=\"Symbol\" data-listid=\"13\" data-list-defn-props=\"{&quot;335552541&quot;:1,&quot;335559685&quot;:720,&quot;335559991&quot;:360,&quot;469769226&quot;:&quot;Symbol&quot;,&quot;469769242&quot;:[8226],&quot;469777803&quot;:&quot;left&quot;,&quot;469777804&quot;:&quot;\uf0b7&quot;,&quot;469777815&quot;:&quot;multilevel&quot;}\" aria-setsize=\"-1\" data-aria-posinset=\"1\" data-aria-level=\"1\"><b><span data-contrast=\"none\">Objectius:<\/span><\/b><span data-contrast=\"none\">\u00a0<\/span><span data-ccp-props=\"{&quot;335551550&quot;:1,&quot;335551620&quot;:1,&quot;335559738&quot;:0,&quot;335559739&quot;:300}\">\u00a0<\/span><\/li>\n<\/ul>\n<ul>\n<li data-leveltext=\"o\" data-font=\"Courier New\" data-listid=\"13\" data-list-defn-props=\"{&quot;335552541&quot;:1,&quot;335559685&quot;:1440,&quot;335559991&quot;:360,&quot;469769226&quot;:&quot;Courier New&quot;,&quot;469769242&quot;:[9675],&quot;469777803&quot;:&quot;left&quot;,&quot;469777804&quot;:&quot;o&quot;,&quot;469777815&quot;:&quot;multilevel&quot;}\" aria-setsize=\"-1\" data-aria-posinset=\"1\" data-aria-level=\"2\"><span data-contrast=\"none\">Explorar l\u2019expressivitat del cos i el rostre a trav\u00e9s de m\u00e0scares teatrals.<\/span><span data-ccp-props=\"{&quot;335551550&quot;:1,&quot;335551620&quot;:1,&quot;335559738&quot;:0,&quot;335559739&quot;:300}\">\u00a0<\/span><\/li>\n<\/ul>\n<ul>\n<li data-leveltext=\"o\" data-font=\"Courier New\" data-listid=\"13\" data-list-defn-props=\"{&quot;335552541&quot;:1,&quot;335559685&quot;:1440,&quot;335559991&quot;:360,&quot;469769226&quot;:&quot;Courier New&quot;,&quot;469769242&quot;:[9675],&quot;469777803&quot;:&quot;left&quot;,&quot;469777804&quot;:&quot;o&quot;,&quot;469777815&quot;:&quot;multilevel&quot;}\" aria-setsize=\"-1\" data-aria-posinset=\"2\" data-aria-level=\"2\"><span data-contrast=\"none\">Introduir la din\u00e0mica de les m\u00e0scares com a eina d\u2019animaci\u00f3 juvenil.<\/span><span data-ccp-props=\"{&quot;335551550&quot;:1,&quot;335551620&quot;:1,&quot;335559738&quot;:0,&quot;335559739&quot;:300}\">\u00a0<\/span><\/li>\n<\/ul>\n<ul>\n<li data-leveltext=\"\uf0b7\" data-font=\"Symbol\" data-listid=\"13\" data-list-defn-props=\"{&quot;335552541&quot;:1,&quot;335559685&quot;:720,&quot;335559991&quot;:360,&quot;469769226&quot;:&quot;Symbol&quot;,&quot;469769242&quot;:[8226],&quot;469777803&quot;:&quot;left&quot;,&quot;469777804&quot;:&quot;\uf0b7&quot;,&quot;469777815&quot;:&quot;multilevel&quot;}\" aria-setsize=\"-1\" data-aria-posinset=\"2\" data-aria-level=\"1\"><b><span data-contrast=\"none\">Continguts:<\/span><\/b><span data-contrast=\"none\">\u00a0<\/span><span data-ccp-props=\"{&quot;335551550&quot;:1,&quot;335551620&quot;:1,&quot;335559738&quot;:0,&quot;335559739&quot;:300}\">\u00a0<\/span><\/li>\n<\/ul>\n<ul>\n<li data-leveltext=\"o\" data-font=\"Courier New\" data-listid=\"13\" data-list-defn-props=\"{&quot;335552541&quot;:1,&quot;335559685&quot;:1440,&quot;335559991&quot;:360,&quot;469769226&quot;:&quot;Courier New&quot;,&quot;469769242&quot;:[9675],&quot;469777803&quot;:&quot;left&quot;,&quot;469777804&quot;:&quot;o&quot;,&quot;469777815&quot;:&quot;multilevel&quot;}\" aria-setsize=\"-1\" data-aria-posinset=\"1\" data-aria-level=\"2\"><span data-contrast=\"none\">Tipus de m\u00e0scares i el seu \u00fas en contextos juvenils: m\u00e0scares larv\u00e0ries, commedia dell\u2019arte i altres.<\/span><span data-ccp-props=\"{&quot;335551550&quot;:1,&quot;335551620&quot;:1,&quot;335559738&quot;:0,&quot;335559739&quot;:300}\">\u00a0<\/span><\/li>\n<\/ul>\n<ul>\n<li data-leveltext=\"o\" data-font=\"Courier New\" data-listid=\"13\" data-list-defn-props=\"{&quot;335552541&quot;:1,&quot;335559685&quot;:1440,&quot;335559991&quot;:360,&quot;469769226&quot;:&quot;Courier New&quot;,&quot;469769242&quot;:[9675],&quot;469777803&quot;:&quot;left&quot;,&quot;469777804&quot;:&quot;o&quot;,&quot;469777815&quot;:&quot;multilevel&quot;}\" aria-setsize=\"-1\" data-aria-posinset=\"2\" data-aria-level=\"2\"><span data-contrast=\"none\">T\u00e8cniques per a dinamitzar activitats d\u2019animaci\u00f3 amb m\u00e0scares.<\/span><span data-ccp-props=\"{&quot;335551550&quot;:1,&quot;335551620&quot;:1,&quot;335559738&quot;:0,&quot;335559739&quot;:300}\">\u00a0<\/span><\/li>\n<\/ul>\n<ul>\n<li data-leveltext=\"o\" data-font=\"Courier New\" data-listid=\"13\" data-list-defn-props=\"{&quot;335552541&quot;:1,&quot;335559685&quot;:1440,&quot;335559991&quot;:360,&quot;469769226&quot;:&quot;Courier New&quot;,&quot;469769242&quot;:[9675],&quot;469777803&quot;:&quot;left&quot;,&quot;469777804&quot;:&quot;o&quot;,&quot;469777815&quot;:&quot;multilevel&quot;}\" aria-setsize=\"-1\" data-aria-posinset=\"3\" data-aria-level=\"2\"><span data-contrast=\"none\">Exercicis per a generar personatges i situacions relacionades amb la realitat social.<\/span><span data-ccp-props=\"{&quot;335551550&quot;:1,&quot;335551620&quot;:1,&quot;335559738&quot;:0,&quot;335559739&quot;:300}\">\u00a0<\/span><\/li>\n<\/ul>\n<p aria-level=\"2\"><strong>Sessi\u00f3 5: Teatre de l\u2019Oprimit (Boal)\u00a0<\/strong><\/p>\n<ul>\n<li data-leveltext=\"\uf0b7\" data-font=\"Symbol\" data-listid=\"14\" data-list-defn-props=\"{&quot;335552541&quot;:1,&quot;335559685&quot;:720,&quot;335559991&quot;:360,&quot;469769226&quot;:&quot;Symbol&quot;,&quot;469769242&quot;:[8226],&quot;469777803&quot;:&quot;left&quot;,&quot;469777804&quot;:&quot;\uf0b7&quot;,&quot;469777815&quot;:&quot;multilevel&quot;}\" aria-setsize=\"-1\" data-aria-posinset=\"1\" data-aria-level=\"1\"><b><span data-contrast=\"none\">Objectius:<\/span><\/b><span data-contrast=\"none\">\u00a0<\/span><span data-ccp-props=\"{&quot;335551550&quot;:1,&quot;335551620&quot;:1,&quot;335559738&quot;:0,&quot;335559739&quot;:300}\">\u00a0<\/span><\/li>\n<\/ul>\n<ul>\n<li data-leveltext=\"o\" data-font=\"Courier New\" data-listid=\"14\" data-list-defn-props=\"{&quot;335552541&quot;:1,&quot;335559685&quot;:1440,&quot;335559991&quot;:360,&quot;469769226&quot;:&quot;Courier New&quot;,&quot;469769242&quot;:[9675],&quot;469777803&quot;:&quot;left&quot;,&quot;469777804&quot;:&quot;o&quot;,&quot;469777815&quot;:&quot;multilevel&quot;}\" aria-setsize=\"-1\" data-aria-posinset=\"1\" data-aria-level=\"2\"><span data-contrast=\"none\">Aplicar eines del Teatre de l\u2019Oprimit per a abordar conflictes i fomentar la participaci\u00f3 cr\u00edtica.<\/span><span data-ccp-props=\"{&quot;335551550&quot;:1,&quot;335551620&quot;:1,&quot;335559738&quot;:0,&quot;335559739&quot;:300}\">\u00a0<\/span><\/li>\n<\/ul>\n<ul>\n<li data-leveltext=\"o\" data-font=\"Courier New\" data-listid=\"14\" data-list-defn-props=\"{&quot;335552541&quot;:1,&quot;335559685&quot;:1440,&quot;335559991&quot;:360,&quot;469769226&quot;:&quot;Courier New&quot;,&quot;469769242&quot;:[9675],&quot;469777803&quot;:&quot;left&quot;,&quot;469777804&quot;:&quot;o&quot;,&quot;469777815&quot;:&quot;multilevel&quot;}\" aria-setsize=\"-1\" data-aria-posinset=\"2\" data-aria-level=\"2\"><span data-contrast=\"none\">Reflexionar sobre opressions i conflictes rellevants en la vida dels joves.<\/span><span data-ccp-props=\"{&quot;335551550&quot;:1,&quot;335551620&quot;:1,&quot;335559738&quot;:0,&quot;335559739&quot;:300}\">\u00a0<\/span><\/li>\n<\/ul>\n<ul>\n<li data-leveltext=\"\uf0b7\" data-font=\"Symbol\" data-listid=\"14\" data-list-defn-props=\"{&quot;335552541&quot;:1,&quot;335559685&quot;:720,&quot;335559991&quot;:360,&quot;469769226&quot;:&quot;Symbol&quot;,&quot;469769242&quot;:[8226],&quot;469777803&quot;:&quot;left&quot;,&quot;469777804&quot;:&quot;\uf0b7&quot;,&quot;469777815&quot;:&quot;multilevel&quot;}\" aria-setsize=\"-1\" data-aria-posinset=\"2\" data-aria-level=\"1\"><b><span data-contrast=\"none\">Continguts:<\/span><\/b><span data-contrast=\"none\">\u00a0<\/span><span data-ccp-props=\"{&quot;335551550&quot;:1,&quot;335551620&quot;:1,&quot;335559738&quot;:0,&quot;335559739&quot;:300}\">\u00a0<\/span><\/li>\n<\/ul>\n<ul>\n<li data-leveltext=\"o\" data-font=\"Courier New\" data-listid=\"14\" data-list-defn-props=\"{&quot;335552541&quot;:1,&quot;335559685&quot;:1440,&quot;335559991&quot;:360,&quot;469769226&quot;:&quot;Courier New&quot;,&quot;469769242&quot;:[9675],&quot;469777803&quot;:&quot;left&quot;,&quot;469777804&quot;:&quot;o&quot;,&quot;469777815&quot;:&quot;multilevel&quot;}\" aria-setsize=\"-1\" data-aria-posinset=\"1\" data-aria-level=\"2\"><span data-contrast=\"none\">Jocs de desmecanitzaci\u00f3 i Teatre Imatge.<\/span><span data-ccp-props=\"{&quot;335551550&quot;:1,&quot;335551620&quot;:1,&quot;335559738&quot;:0,&quot;335559739&quot;:300}\">\u00a0<\/span><\/li>\n<\/ul>\n<ul>\n<li data-leveltext=\"o\" data-font=\"Courier New\" data-listid=\"14\" data-list-defn-props=\"{&quot;335552541&quot;:1,&quot;335559685&quot;:1440,&quot;335559991&quot;:360,&quot;469769226&quot;:&quot;Courier New&quot;,&quot;469769242&quot;:[9675],&quot;469777803&quot;:&quot;left&quot;,&quot;469777804&quot;:&quot;o&quot;,&quot;469777815&quot;:&quot;multilevel&quot;}\" aria-setsize=\"-1\" data-aria-posinset=\"2\" data-aria-level=\"2\"><span data-contrast=\"none\">Introducci\u00f3 i pr\u00e0ctica del Teatre F\u00f2rum.<\/span><span data-ccp-props=\"{&quot;335551550&quot;:1,&quot;335551620&quot;:1,&quot;335559738&quot;:0,&quot;335559739&quot;:300}\">\u00a0<\/span><\/li>\n<\/ul>\n<ul>\n<li data-leveltext=\"o\" data-font=\"Courier New\" data-listid=\"14\" data-list-defn-props=\"{&quot;335552541&quot;:1,&quot;335559685&quot;:1440,&quot;335559991&quot;:360,&quot;469769226&quot;:&quot;Courier New&quot;,&quot;469769242&quot;:[9675],&quot;469777803&quot;:&quot;left&quot;,&quot;469777804&quot;:&quot;o&quot;,&quot;469777815&quot;:&quot;multilevel&quot;}\" aria-setsize=\"-1\" data-aria-posinset=\"3\" data-aria-level=\"2\"><span data-contrast=\"none\">Creaci\u00f3 d\u2019escenes basades en conflictes reals proposats pels participants.<\/span><span data-ccp-props=\"{&quot;335551550&quot;:1,&quot;335551620&quot;:1,&quot;335559738&quot;:0,&quot;335559739&quot;:300}\">\u00a0<\/span><\/li>\n<\/ul>\n<p aria-level=\"2\"><strong>Sessi\u00f3 6: Avaluaci\u00f3 i posada en com\u00fa\u00a0<\/strong><\/p>\n<ul>\n<li data-leveltext=\"\uf0b7\" data-font=\"Symbol\" data-listid=\"15\" data-list-defn-props=\"{&quot;335552541&quot;:1,&quot;335559685&quot;:720,&quot;335559991&quot;:360,&quot;469769226&quot;:&quot;Symbol&quot;,&quot;469769242&quot;:[8226],&quot;469777803&quot;:&quot;left&quot;,&quot;469777804&quot;:&quot;\uf0b7&quot;,&quot;469777815&quot;:&quot;multilevel&quot;}\" aria-setsize=\"-1\" data-aria-posinset=\"1\" data-aria-level=\"1\"><b><span data-contrast=\"none\">Objectius:<\/span><\/b><span data-contrast=\"none\">\u00a0<\/span><span data-ccp-props=\"{&quot;335551550&quot;:1,&quot;335551620&quot;:1,&quot;335559738&quot;:0,&quot;335559739&quot;:300}\">\u00a0<\/span><\/li>\n<\/ul>\n<ul>\n<li data-leveltext=\"o\" data-font=\"Courier New\" data-listid=\"15\" data-list-defn-props=\"{&quot;335552541&quot;:1,&quot;335559685&quot;:1440,&quot;335559991&quot;:360,&quot;469769226&quot;:&quot;Courier New&quot;,&quot;469769242&quot;:[9675],&quot;469777803&quot;:&quot;left&quot;,&quot;469777804&quot;:&quot;o&quot;,&quot;469777815&quot;:&quot;multilevel&quot;}\" aria-setsize=\"-1\" data-aria-posinset=\"1\" data-aria-level=\"2\"><span data-contrast=\"none\">Reflexionar sobre els aprenentatges adquirits i com aplicar-los en l\u2019\u00e0mbit de l\u2019animaci\u00f3 sociocultural.<\/span><span data-ccp-props=\"{&quot;335551550&quot;:1,&quot;335551620&quot;:1,&quot;335559738&quot;:0,&quot;335559739&quot;:300}\">\u00a0<\/span><\/li>\n<\/ul>\n<ul>\n<li data-leveltext=\"o\" data-font=\"Courier New\" data-listid=\"15\" data-list-defn-props=\"{&quot;335552541&quot;:1,&quot;335559685&quot;:1440,&quot;335559991&quot;:360,&quot;469769226&quot;:&quot;Courier New&quot;,&quot;469769242&quot;:[9675],&quot;469777803&quot;:&quot;left&quot;,&quot;469777804&quot;:&quot;o&quot;,&quot;469777815&quot;:&quot;multilevel&quot;}\" aria-setsize=\"-1\" data-aria-posinset=\"2\" data-aria-level=\"2\"><span data-contrast=\"none\">Avaluar el curs i proposar idees per a la seua aplicaci\u00f3 pr\u00e0ctica.<\/span><span data-ccp-props=\"{&quot;335551550&quot;:1,&quot;335551620&quot;:1,&quot;335559738&quot;:0,&quot;335559739&quot;:300}\">\u00a0<\/span><\/li>\n<\/ul>\n<ul>\n<li data-leveltext=\"\uf0b7\" data-font=\"Symbol\" data-listid=\"15\" data-list-defn-props=\"{&quot;335552541&quot;:1,&quot;335559685&quot;:720,&quot;335559991&quot;:360,&quot;469769226&quot;:&quot;Symbol&quot;,&quot;469769242&quot;:[8226],&quot;469777803&quot;:&quot;left&quot;,&quot;469777804&quot;:&quot;\uf0b7&quot;,&quot;469777815&quot;:&quot;multilevel&quot;}\" aria-setsize=\"-1\" data-aria-posinset=\"2\" data-aria-level=\"1\"><b><span data-contrast=\"none\">Continguts:<\/span><\/b><span data-contrast=\"none\">\u00a0<\/span><span data-ccp-props=\"{&quot;335551550&quot;:1,&quot;335551620&quot;:1,&quot;335559738&quot;:0,&quot;335559739&quot;:300}\">\u00a0<\/span><\/li>\n<\/ul>\n<ul>\n<li data-leveltext=\"o\" data-font=\"Courier New\" data-listid=\"15\" data-list-defn-props=\"{&quot;335552541&quot;:1,&quot;335559685&quot;:1440,&quot;335559991&quot;:360,&quot;469769226&quot;:&quot;Courier New&quot;,&quot;469769242&quot;:[9675],&quot;469777803&quot;:&quot;left&quot;,&quot;469777804&quot;:&quot;o&quot;,&quot;469777815&quot;:&quot;multilevel&quot;}\" aria-setsize=\"-1\" data-aria-posinset=\"1\" data-aria-level=\"2\"><span data-contrast=\"none\">Recapitulaci\u00f3 de les eines treballades al llarg del curs.<\/span><span data-ccp-props=\"{&quot;335551550&quot;:1,&quot;335551620&quot;:1,&quot;335559738&quot;:0,&quot;335559739&quot;:300}\">\u00a0<\/span><\/li>\n<\/ul>\n<ul>\n<li data-leveltext=\"o\" data-font=\"Courier New\" data-listid=\"15\" data-list-defn-props=\"{&quot;335552541&quot;:1,&quot;335559685&quot;:1440,&quot;335559991&quot;:360,&quot;469769226&quot;:&quot;Courier New&quot;,&quot;469769242&quot;:[9675],&quot;469777803&quot;:&quot;left&quot;,&quot;469777804&quot;:&quot;o&quot;,&quot;469777815&quot;:&quot;multilevel&quot;}\" aria-setsize=\"-1\" data-aria-posinset=\"2\" data-aria-level=\"2\"><span data-contrast=\"none\">Reflexi\u00f3 grupal sobre els continguts i la seua aplicaci\u00f3.<\/span><span data-ccp-props=\"{&quot;335551550&quot;:1,&quot;335551620&quot;:1,&quot;335559738&quot;:0,&quot;335559739&quot;:300}\">\u00a0<\/span><\/li>\n<\/ul>\n<ul>\n<li data-leveltext=\"o\" data-font=\"Courier New\" data-listid=\"15\" data-list-defn-props=\"{&quot;335552541&quot;:1,&quot;335559685&quot;:1440,&quot;335559991&quot;:360,&quot;469769226&quot;:&quot;Courier New&quot;,&quot;469769242&quot;:[9675],&quot;469777803&quot;:&quot;left&quot;,&quot;469777804&quot;:&quot;o&quot;,&quot;469777815&quot;:&quot;multilevel&quot;}\" aria-setsize=\"-1\" data-aria-posinset=\"3\" data-aria-level=\"2\"><span data-contrast=\"none\">Avaluaci\u00f3 participativa: aprenentatges, reptes i propostes futures.<\/span> <span style=\"font-size: 13px;\">.<\/span><\/li>\n<\/ul>\n<p style=\"text-align: center;\">[\/et_pb_text][\/et_pb_column][\/et_pb_row][\/et_pb_section][et_pb_section fb_built=&#8221;1&#8243; disabled_on=&#8221;off|off|off&#8221; admin_label=&#8221;CURS MATL &#8211; 2 COLUMNES&#8221; _builder_version=&#8221;4.16&#8243; global_colors_info=&#8221;{}&#8221;][et_pb_row _builder_version=&#8221;4.16&#8243; background_size=&#8221;initial&#8221; background_position=&#8221;top_left&#8221; background_repeat=&#8221;repeat&#8221; global_colors_info=&#8221;{}&#8221;][et_pb_column type=&#8221;4_4&#8243; _builder_version=&#8221;4.16&#8243; custom_padding=&#8221;|||&#8221; global_colors_info=&#8221;{}&#8221; custom_padding__hover=&#8221;|||&#8221;][et_pb_text _builder_version=&#8221;4.22.1&#8243; background_size=&#8221;initial&#8221; background_position=&#8221;top_left&#8221; background_repeat=&#8221;repeat&#8221; use_border_color=&#8221;off&#8221; border_color=&#8221;#ffffff&#8221; border_style=&#8221;solid&#8221; global_colors_info=&#8221;{}&#8221;]<\/p>\n<h3 style=\"font-weight: 300; text-align: center;\">CURS ABRIL- MAIG 2025<\/h3>\n<p>[\/et_pb_text][et_pb_text _builder_version=&#8221;4.22.1&#8243; background_color=&#8221;#f9964e&#8221; background_size=&#8221;initial&#8221; background_position=&#8221;top_left&#8221; background_repeat=&#8221;repeat&#8221; background_layout=&#8221;dark&#8221; custom_css_main_element=&#8221;border-radius: 20px 20px 20px 0px; ||-webkit-border-radius: 20px 20px 20px 0px; ||-moz-border-radius: 20px 20px 20px 0px; ||padding:20px;&#8221; use_border_color=&#8221;off&#8221; border_color=&#8221;#ffffff&#8221; border_style=&#8221;solid&#8221; global_colors_info=&#8221;{}&#8221;]<\/p>\n<p><b>Data d\u2019inici<\/b><b>:<\/b><span style=\"font-weight: 400;\"> 9 d&#8217;abril de 2025<\/span><\/p>\n<p><strong>Sessions:<\/strong> 9, 16 i 30 d&#8217;abril; 7, 21 i 28 de maig.<\/p>\n<p><b>Data l\u00edmit per la inscripci\u00f3:<\/b><span style=\"font-weight: 400;\"> 4 d&#8217;abril de 2025<\/span><\/p>\n<p><b>L&#8217;horari: <\/b>\u00a0Dimecres de<strong> 17 a <\/strong><strong>20.30 h.<\/strong><\/p>\n<p>[\/et_pb_text][et_pb_text _builder_version=&#8221;4.22.1&#8243; text_line_height=&#8221;1.6em&#8221; background_size=&#8221;initial&#8221; background_position=&#8221;top_left&#8221; background_repeat=&#8221;repeat&#8221; custom_css_main_element=&#8221;border-radius: 20px 20px 20px 0px; ||-webkit-border-radius: 20px 20px 20px 0px; ||-moz-border-radius: 20px 20px 20px 0px; ||padding:20px;&#8221; border_color_all=&#8221;#ffffff&#8221; use_border_color=&#8221;off&#8221; border_color=&#8221;#ffffff&#8221; border_style=&#8221;solid&#8221; global_colors_info=&#8221;{}&#8221;]<\/p>\n<p><b>\u00a0Lloc<\/b><span style=\"font-weight: 400;\">: Octubre Centre de Cultura Contempor\u00e0nia &#8211; Carrer Sant Ferran, 12, Val\u00e8ncia<\/span><\/p>\n<p><span style=\"font-size: 14px;\"><strong>&#8212; Preu: 90 \u20ac<\/strong><\/span><\/p>\n<p><span style=\"font-size: 14px;\"><strong>&#8212; \u00a0Estudiantat o persones aturades: 80 \u20ac<\/strong><\/span><\/p>\n<p><span style=\"font-size: 14px;\"><strong>&#8212; S\u00f2cis\/ s\u00f2cies d&#8217;ACPV o alumnat de l&#8217;Escola d&#8217;Animaci\u00f3 Ferran Zurriaga 75 \u20ac<\/strong><\/span><\/p>\n<p>[\/et_pb_text][et_pb_text disabled_on=&#8221;off|off|off&#8221; _builder_version=&#8221;4.22.1&#8243; text_line_height=&#8221;1.6em&#8221; background_size=&#8221;initial&#8221; background_position=&#8221;top_left&#8221; background_repeat=&#8221;repeat&#8221; custom_css_main_element=&#8221;border-radius: 20px 20px 20px 0px; ||-webkit-border-radius: 20px 20px 20px 0px; ||-moz-border-radius: 20px 20px 20px 0px; ||padding:20px;&#8221; border_color_all=&#8221;#ffffff&#8221; use_border_color=&#8221;off&#8221; border_color=&#8221;#ffffff&#8221; border_style=&#8221;solid&#8221; global_colors_info=&#8221;{}&#8221;]<\/p>\n<p><strong>1. Per inscriure\u2019s al curs cal fer primer l\u2019ingr\u00e9s de la quantitat corresponent<\/strong><\/p>\n<p><strong>N\u00famero de compte corrent: ES48 2100 0700 1202 0029 4927 de \u201cLa Caixa\u201d<\/strong><\/p>\n<p><strong>CONCEPTE: Escola Animaci\u00f3 (Nom + TEATRE)<\/strong><\/p>\n<p><strong>BENIFICIARI:<\/strong> <strong>ACPV<\/strong><\/p>\n<div class=\"titol\"><strong>2. Una vegada fet l\u2019ingr\u00e9s cal omplir el formulari que teniu a continuaci\u00f3.<\/strong><\/div>\n<p style=\"text-align: center;\">[\/et_pb_text][et_pb_text disabled_on=&#8221;on|on|on&#8221; _builder_version=&#8221;4.16&#8243; text_line_height=&#8221;1.6em&#8221; background_size=&#8221;initial&#8221; background_position=&#8221;top_left&#8221; background_repeat=&#8221;repeat&#8221; custom_css_main_element=&#8221;border-radius: 20px 20px 20px 0px; ||-webkit-border-radius: 20px 20px 20px 0px; ||-moz-border-radius: 20px 20px 20px 0px; ||padding:20px;&#8221; use_border_color=&#8221;off&#8221; border_color=&#8221;#ffffff&#8221; border_style=&#8221;solid&#8221; disabled=&#8221;on&#8221; global_colors_info=&#8221;{}&#8221;]<\/p>\n<p>\n<b>Calendari:<\/b><\/p>\n<ul>\n<li style=\"font-weight: 400;\"><span style=\"font-weight: 400;\">Part regular: D\u00edes 20, 22, 27 de Febrer de 2017; 1, 6, 8, 20, 22, 27, 29 de Mar\u00e7 i 3 i 5 d\u2019Abril de 2017<\/span><\/li>\n<li style=\"font-weight: 400;\"><span style=\"font-weight: 400;\">Part Intensiva: 13, 14, 15 i 16 d\u2019Abril de 2016<\/span><\/li>\n<\/ul>\n<p><span style=\"font-weight: 400;\">L\u2019etapa <\/span><b>intensiva <\/b><span style=\"font-weight: 400;\">es realitzar\u00e0 amb el format d\u2019una <\/span><b>TROBADA <\/b><span style=\"font-weight: 400;\">que es realitzar\u00e0 a un dels albergs de la Xarxa d\u2019Albergs de l\u2019IVAJ* en un horari intensiu de 9:00h a 14:00h i\u00a0de 15:30h a 21:30h<\/span><\/p>\n<p><span style=\"font-weight: 400;\">La despesa d\u2019aquesta etapa estar\u00e0 inclosa a la matricula<\/span><\/p>\n<p><b>Lloc:<\/b><span style=\"font-weight: 400;\"> Centre Cultura Contempor\u00e0nea Octubre &#8211; Carrer Sant Ferran, 12, Val\u00e8ncia<\/span><\/p>\n<p><b>Preu: <\/b><span style=\"font-weight: 400;\">220\u20ac (150\u20ac Curs + 70\u20ac despeses etapa intensiva)<\/span><\/p>\n<p style=\"text-align: center;\">\n[\/et_pb_text][\/et_pb_column][\/et_pb_row][\/et_pb_section][et_pb_section fb_built=&#8221;1&#8243; disabled_on=&#8221;on|on|on&#8221; admin_label=&#8221;CURS MATL &#8211; 2 COLUMNES&#8221; _builder_version=&#8221;4.16&#8243; disabled=&#8221;on&#8221; global_colors_info=&#8221;{}&#8221;][et_pb_row column_structure=&#8221;1_2,1_2&#8243; _builder_version=&#8221;4.16&#8243; background_size=&#8221;initial&#8221; background_position=&#8221;top_left&#8221; background_repeat=&#8221;repeat&#8221; global_colors_info=&#8221;{}&#8221;][et_pb_column type=&#8221;1_2&#8243; _builder_version=&#8221;4.16&#8243; custom_padding=&#8221;|||&#8221; global_colors_info=&#8221;{}&#8221; custom_padding__hover=&#8221;|||&#8221;][et_pb_text _builder_version=&#8221;4.16&#8243; background_size=&#8221;initial&#8221; background_position=&#8221;top_left&#8221; background_repeat=&#8221;repeat&#8221; use_border_color=&#8221;off&#8221; border_color=&#8221;#ffffff&#8221; border_style=&#8221;solid&#8221; global_colors_info=&#8221;{}&#8221;]<\/p>\n<h3 style=\"font-weight: 300; text-align: center;\">MATL \/ MODALITAT<br \/>\u201cENTRE SETMANA\u201d<\/h3>\n<p style=\"text-align: center;\">\n[\/et_pb_text][et_pb_text _builder_version=&#8221;4.16&#8243; background_color=&#8221;#f9964e&#8221; background_size=&#8221;initial&#8221; background_position=&#8221;top_left&#8221; background_repeat=&#8221;repeat&#8221; background_layout=&#8221;dark&#8221; custom_css_main_element=&#8221;border-radius: 20px 20px 20px 0px; ||-webkit-border-radius: 20px 20px 20px 0px; ||-moz-border-radius: 20px 20px 20px 0px; ||padding:20px;&#8221; use_border_color=&#8221;off&#8221; border_color=&#8221;#ffffff&#8221; border_style=&#8221;solid&#8221; global_colors_info=&#8221;{}&#8221;]<\/p>\n<p><b>Data d\u2019inici<\/b><b>:<\/b><span style=\"font-weight: 400;\">\u00a018 de febrer 2019<\/span><\/p>\n<p><b>Data de finalitzaci\u00f3:<\/b><span style=\"font-weight: 400;\">\u00a029 d&#8217;abril 2019<\/span><\/p>\n<p><b>Data l\u00edmit per la inscripci\u00f3:<\/b><span style=\"font-weight: 400;\">\u00a04 de febrer de 2019<\/span><\/p>\n<p><b>L&#8217;horari: <\/b>\u00a0dilluns i dimecres de\u00a0<b>16:00 h<\/b><span style=\"font-weight: 400;\"> a<\/span><b>\u00a021:00 h.<\/b><\/p>\n<p style=\"text-align: center;\">\n[\/et_pb_text][et_pb_text _builder_version=&#8221;4.16&#8243; text_line_height=&#8221;1.6em&#8221; background_size=&#8221;initial&#8221; background_position=&#8221;top_left&#8221; background_repeat=&#8221;repeat&#8221; custom_css_main_element=&#8221;border-radius: 20px 20px 20px 0px; ||-webkit-border-radius: 20px 20px 20px 0px; ||-moz-border-radius: 20px 20px 20px 0px; ||padding:20px;&#8221; border_color_all=&#8221;#ffffff&#8221; use_border_color=&#8221;off&#8221; border_color=&#8221;#ffffff&#8221; border_style=&#8221;solid&#8221; global_colors_info=&#8221;{}&#8221;]<\/p>\n<p><span style=\"font-weight: 400;\">L&#8217;etapa <\/span><b>intensiva <\/b><span style=\"font-weight: 400;\">es realitzar\u00e0 amb el format d&#8217;una <\/span><b>TROBADA <\/b><span style=\"font-weight: 400;\">que es far\u00e0 a un dels albergs de la Xarxa d&#8217;Albergs de l&#8217;IVAJ* en un horari intensiu de 9:00h a 14:00h i\u00a0de 15:30h a 21:30h<\/span><\/p>\n<p><strong>IMPORTANT: La despesa de la etapa intensiva no est\u00e0 inclosa a la matr\u00edcula.<\/strong><\/p>\n<p><b>Lloc<\/b><span style=\"font-weight: 400;\">: Octubre Centre de Cultura Contempor\u00e0nia &#8211; Carrer Sant Ferran, 12, Val\u00e8ncia<\/span><\/p>\n<p><b>Preu socis\/s\u00f2cies:\u00a0<\/b><span style=\"font-weight: 400;\">180\u20ac &#8211;\u00a0<b>Preu no socis\/s\u00f2cies:\u00a0<\/b>200\u20ac\u00a0<\/span><\/p>\n<p style=\"text-align: center;\">\n[\/et_pb_text][et_pb_text disabled_on=&#8221;on|on|on&#8221; _builder_version=&#8221;4.16&#8243; text_line_height=&#8221;1.6em&#8221; background_size=&#8221;initial&#8221; background_position=&#8221;top_left&#8221; background_repeat=&#8221;repeat&#8221; custom_css_main_element=&#8221;border-radius: 20px 20px 20px 0px; ||-webkit-border-radius: 20px 20px 20px 0px; ||-moz-border-radius: 20px 20px 20px 0px; ||padding:20px;&#8221; border_color_all=&#8221;#ffffff&#8221; use_border_color=&#8221;off&#8221; border_color=&#8221;#ffffff&#8221; border_style=&#8221;solid&#8221; disabled=&#8221;on&#8221; global_colors_info=&#8221;{}&#8221;]<\/p>\n<p>\n<b>Calendari:<\/b><\/p>\n<ul>\n<li style=\"font-weight: 400;\"><span style=\"font-weight: 400;\"><strong>Part regular<\/strong><br \/>FEBRER:\u00a05,7, 12, 14, 19, 21, 26 i 28<br \/>MAR\u00c7:\u00a05,7, 12, 14, 21 i 26 <\/span><\/li>\n<li style=\"font-weight: 400;\"><span style=\"font-weight: 400;\"><strong>Part Intensiva<br \/><\/strong>ABRIL: 6, 7 i 8<\/span><\/li>\n<\/ul>\n<p><span style=\"font-weight: 400;\">L&#8217;etapa <\/span><b>intensiva <\/b><span style=\"font-weight: 400;\">es realitzar\u00e0 amb el format d&#8217;una <\/span><b>TROBADA <\/b><span style=\"font-weight: 400;\">que es far\u00e0 a un dels albergs de la Xarxa d&#8217;Albergs de l&#8217;IVAJ* en un horari intensiu de 9:00h a 14:00h i\u00a0de 15:30h a 21:30h<\/span><\/p>\n<p><strong>La despesa de la etapa intensiva no est\u00e0 inclosa a la matr\u00edcula.<\/strong><\/p>\n<p><b>Lloc<\/b><span style=\"font-weight: 400;\">: Octubre Centre de Cultura Contempor\u00e0nia &#8211; Carrer Sant Ferran, 12, Val\u00e8ncia<\/span><\/p>\n<p><b>Preu socis\/s\u00f2cies:\u00a0<\/b><span style=\"font-weight: 400;\">160\u20ac &#8211;\u00a0<b>Preu no socis\/s\u00f2cies:\u00a0<\/b>180\u20ac\u00a0<\/span><\/p>\n<p style=\"text-align: center;\">\n[\/et_pb_text][et_pb_text disabled_on=&#8221;on|on|on&#8221; _builder_version=&#8221;4.16&#8243; text_line_height=&#8221;1.6em&#8221; background_size=&#8221;initial&#8221; background_position=&#8221;top_left&#8221; background_repeat=&#8221;repeat&#8221; custom_css_main_element=&#8221;border-radius: 20px 20px 20px 0px; ||-webkit-border-radius: 20px 20px 20px 0px; ||-moz-border-radius: 20px 20px 20px 0px; ||padding:20px;&#8221; use_border_color=&#8221;off&#8221; border_color=&#8221;#ffffff&#8221; border_style=&#8221;solid&#8221; disabled=&#8221;on&#8221; global_colors_info=&#8221;{}&#8221;]<\/p>\n<p>\n<b>Calendari:<\/b><\/p>\n<ul>\n<li style=\"font-weight: 400;\"><span style=\"font-weight: 400;\">Part regular: D\u00edes 20, 22, 27 de Febrer de 2017; 1, 6, 8, 20, 22, 27, 29 de Mar\u00e7 i 3 i 5 d\u2019Abril de 2017<\/span><\/li>\n<li style=\"font-weight: 400;\"><span style=\"font-weight: 400;\">Part Intensiva: 13, 14, 15 i 16 d\u2019Abril de 2016<\/span><\/li>\n<\/ul>\n<p><span style=\"font-weight: 400;\">L\u2019etapa <\/span><b>intensiva <\/b><span style=\"font-weight: 400;\">es realitzar\u00e0 amb el format d\u2019una <\/span><b>TROBADA <\/b><span style=\"font-weight: 400;\">que es realitzar\u00e0 a un dels albergs de la Xarxa d\u2019Albergs de l\u2019IVAJ* en un horari intensiu de 9:00h a 14:00h i\u00a0de 15:30h a 21:30h<\/span><\/p>\n<p><span style=\"font-weight: 400;\">La despesa d\u2019aquesta etapa estar\u00e0 inclosa a la matricula<\/span><\/p>\n<p><b>Lloc:<\/b><span style=\"font-weight: 400;\"> Centre Cultura Contempor\u00e0nea Octubre &#8211; Carrer Sant Ferran, 12, Val\u00e8ncia<\/span><\/p>\n<p><b>Preu: <\/b><span style=\"font-weight: 400;\">220\u20ac (150\u20ac Curs + 70\u20ac despeses etapa intensiva)<\/span><\/p>\n<p style=\"text-align: center;\">\n[\/et_pb_text][\/et_pb_column][et_pb_column type=&#8221;1_2&#8243; _builder_version=&#8221;4.16&#8243; custom_padding=&#8221;|||&#8221; global_colors_info=&#8221;{}&#8221; custom_padding__hover=&#8221;|||&#8221;][et_pb_text _builder_version=&#8221;4.16&#8243; background_size=&#8221;initial&#8221; background_position=&#8221;top_left&#8221; background_repeat=&#8221;repeat&#8221; use_border_color=&#8221;off&#8221; border_color=&#8221;#ffffff&#8221; border_style=&#8221;solid&#8221; global_colors_info=&#8221;{}&#8221;]<\/p>\n<h3 style=\"font-weight: 300; text-align: center;\">MATL \/ MODALITAT<br \/>\u201cCAP DE SETMANA\u201d<\/h3>\n<p style=\"text-align: center;\">\n[\/et_pb_text][et_pb_text _builder_version=&#8221;4.16&#8243; background_color=&#8221;rgba(249,77,157,0.87)&#8221; background_size=&#8221;initial&#8221; background_position=&#8221;top_left&#8221; background_repeat=&#8221;repeat&#8221; background_layout=&#8221;dark&#8221; custom_css_main_element=&#8221;border-radius: 20px 20px 0px 20px; ||-webkit-border-radius: 20px 20px 0px 20px; ||-moz-border-radius: 20px 20px 0px 20px; ||padding:20px;&#8221; border_color_all=&#8221;#ffffff&#8221; use_border_color=&#8221;off&#8221; border_color=&#8221;#ffffff&#8221; border_style=&#8221;solid&#8221; global_colors_info=&#8221;{}&#8221;]<\/p>\n<p><b>Data d\u2019inici<\/b><span style=\"font-weight: 400;\">: 15 de febrer 2019<\/span><\/p>\n<p><b>Data de finalitzaci\u00f3:<\/b><span style=\"font-weight: 400;\">\u00a029 d&#8217;abril 2019<\/span><\/p>\n<p><b>Data l\u00edmit per la inscripci\u00f3:<\/b><span style=\"font-weight: 400;\"> 4 de febrer<\/span><\/p>\n<p><b>L\u2019horari: \u00a0<\/b>divendres de <strong>16:00 h<\/strong> a <strong>21:00 h<\/strong> i dissabtes de\u00a0<b>9:00 h<\/b>\u00a0a\u00a0<b>14:00 h.<\/b><\/p>\n<p style=\"text-align: center;\">\n[\/et_pb_text][et_pb_text _builder_version=&#8221;4.16&#8243; text_line_height=&#8221;1.6em&#8221; background_size=&#8221;initial&#8221; background_position=&#8221;top_left&#8221; background_repeat=&#8221;repeat&#8221; custom_css_main_element=&#8221;border-radius: 20px 20px 0px 20px; ||-webkit-border-radius: 20px 20px 0px 20px; ||-moz-border-radius: 20px 20px 0px 20px; ||padding:20px;&#8221; border_color_all=&#8221;#ffffff&#8221; use_border_color=&#8221;off&#8221; border_color=&#8221;#ffffff&#8221; border_style=&#8221;solid&#8221; global_colors_info=&#8221;{}&#8221;]<\/p>\n<p><span style=\"font-weight: 400;\">L&#8217;etapa <\/span><b>intensiva <\/b><span style=\"font-weight: 400;\">es realitzar\u00e0 amb el format d&#8217;una <\/span><b>TROBADA <\/b><span style=\"font-weight: 400;\">que es far\u00e0 a un dels albergs de la Xarxa d&#8217;Albergs de l&#8217;IVAJ* en un horari intensiu de 9:00h a 14:00h\u00a0i de 15:30h a 21:30h<\/span><\/p>\n<p><strong>IMPORTANT: La despesa de la etapa intensiva no est\u00e0 inclosa a la matr\u00edcula.<\/strong><\/p>\n<p><b>Lloc<\/b><span style=\"font-weight: 400;\">: Octubre Centre de Cultura Contempor\u00e0nia &#8211; Carrer Sant Ferran, 12, Val\u00e8ncia<\/span><\/p>\n<p><b>Preu socis\/s\u00f2cies:\u00a0<\/b><span style=\"font-weight: 400;\">180\u20ac &#8211;\u00a0<b>Preu no socis\/s\u00f2cies:\u00a0<\/b>200\u20ac\u00a0<\/span><\/p>\n<p style=\"text-align: center;\">\n[\/et_pb_text][et_pb_text disabled_on=&#8221;on|on|on&#8221; _builder_version=&#8221;4.16&#8243; text_line_height=&#8221;1.6em&#8221; background_size=&#8221;initial&#8221; background_position=&#8221;top_left&#8221; background_repeat=&#8221;repeat&#8221; custom_css_main_element=&#8221;border-radius: 20px 20px 0px 20px; ||-webkit-border-radius: 20px 20px 0px 20px; ||-moz-border-radius: 20px 20px 0px 20px; ||padding:20px;&#8221; border_color_all=&#8221;#ffffff&#8221; use_border_color=&#8221;off&#8221; border_color=&#8221;#ffffff&#8221; border_style=&#8221;solid&#8221; disabled=&#8221;on&#8221; global_colors_info=&#8221;{}&#8221;]<\/p>\n<p>\n<b>Calendari:<\/b><\/p>\n<ul>\n<li><strong>Part regular<\/strong><br \/>FEBRER: 2, 3, 9, 10, 16, 17, 23 i 24<br \/>MAR\u00c7: 2, 3, 9, 10, 23 i 24<\/li>\n<li><strong>Part Intensiva<br \/><\/strong>ABRIL: 6, 7 i 8<\/li>\n<\/ul>\n<p><span style=\"font-weight: 400;\">L&#8217;etapa <\/span><b>intensiva <\/b><span style=\"font-weight: 400;\">es realitzar\u00e0 amb el format d&#8217;una <\/span><b>TROBADA <\/b><span style=\"font-weight: 400;\">que es far\u00e0 a un dels albergs de la Xarxa d&#8217;Albergs de l&#8217;IVAJ* en un horari intensiu de 9:00h a 14:00h\u00a0i de 15:30h a 21:30h<\/span><\/p>\n<p><strong>La despesa de la etapa intensiva no est\u00e0 inclosa a la matr\u00edcula.<\/strong><\/p>\n<p><b>Lloc<\/b><span style=\"font-weight: 400;\">: Octubre Centre de Cultura Contempor\u00e0nia &#8211; Carrer Sant Ferran, 12, Val\u00e8ncia<\/span><\/p>\n<p><b>Preu socis\/s\u00f2cies:\u00a0<\/b><span style=\"font-weight: 400;\">160\u20ac &#8211;\u00a0<b>Preu no socis\/s\u00f2cies:\u00a0<\/b>180\u20ac\u00a0<\/span><\/p>\n<p style=\"text-align: center;\">\n[\/et_pb_text][et_pb_text disabled_on=&#8221;on|on|on&#8221; _builder_version=&#8221;4.16&#8243; text_line_height=&#8221;1.6em&#8221; background_size=&#8221;initial&#8221; background_position=&#8221;top_left&#8221; background_repeat=&#8221;repeat&#8221; custom_css_main_element=&#8221;border-radius: 20px 20px 0px 20px; ||-webkit-border-radius: 20px 20px 0px 20px; ||-moz-border-radius: 20px 20px 0px 20px; ||padding:20px;&#8221; use_border_color=&#8221;off&#8221; border_color=&#8221;#ffffff&#8221; border_style=&#8221;solid&#8221; disabled=&#8221;on&#8221; global_colors_info=&#8221;{}&#8221;]<\/p>\n<p>\n<b>Calendari:<\/b><\/p>\n<ul>\n<li style=\"font-weight: 400;\"><span style=\"font-weight: 400;\">Part regular: D\u00edes 24, 25 de Febrer de 2017; 3, 4, 10, 11, 17, 18, 24, 25 de Mar\u00e7 i 7 i 8 d\u2019Abril de 2017<\/span><\/li>\n<li style=\"font-weight: 400;\"><span style=\"font-weight: 400;\">Part Intensiva: 13, 14, 15 i 16 d\u2019Abril de 2016<\/span><\/li>\n<\/ul>\n<p><span style=\"font-weight: 400;\">L\u2019etapa <\/span><b>intensiva <\/b><span style=\"font-weight: 400;\">es realitzar\u00e0 amb el format d\u2019una <\/span><b>TROBADA <\/b><span style=\"font-weight: 400;\">que es realitzar\u00e0 a un dels albergs de la Xarxa d\u2019Albergs de l\u2019IVAJ* en un horari intensiu de 9:00h a 14:00h\u00a0i de 15:30h a 21:30h<\/span><\/p>\n<p><span style=\"font-weight: 400;\">La despesa d\u2019aquesta etapa estar\u00e0 inclosa a la matricula.<\/span><\/p>\n<p><b>Lloc<\/b><span style=\"font-weight: 400;\">: Centre Cultura Contempor\u00e0nea Octubre &#8211; Carrer Sant Ferran, 12, Val\u00e8ncia<\/span><\/p>\n<p><b>Preu: <\/b><span style=\"font-weight: 400;\">220\u20ac (150\u20ac Curs + 70\u20ac despeses etapa intensiva)<\/span><\/p>\n<p style=\"text-align: center;\">\n[\/et_pb_text][\/et_pb_column][\/et_pb_row][\/et_pb_section][et_pb_section fb_built=&#8221;1&#8243; disabled_on=&#8221;off|off|off&#8221; module_id=&#8221;formulariinscripcio&#8221; _builder_version=&#8221;4.16&#8243; background_color=&#8221;#f1f5f9&#8243; global_colors_info=&#8221;{}&#8221;][et_pb_row _builder_version=&#8221;4.16&#8243; background_size=&#8221;initial&#8221; background_position=&#8221;top_left&#8221; background_repeat=&#8221;repeat&#8221; global_colors_info=&#8221;{}&#8221;][et_pb_column type=&#8221;4_4&#8243; _builder_version=&#8221;4.16&#8243; custom_padding=&#8221;|||&#8221; global_colors_info=&#8221;{}&#8221; custom_padding__hover=&#8221;|||&#8221;][et_pb_divider show_divider=&#8221;off&#8221; disabled_on=&#8221;on|on|on&#8221; _builder_version=&#8221;4.16&#8243; height=&#8221;15px&#8221; hide_on_mobile=&#8221;on&#8221; disabled=&#8221;on&#8221; global_colors_info=&#8221;{}&#8221;]<\/p>\n<p>\n&nbsp;<\/p>\n<p style=\"text-align: center;\">\n[\/et_pb_divider][et_pb_text disabled_on=&#8221;on|on|on&#8221; _builder_version=&#8221;4.16&#8243; background_size=&#8221;initial&#8221; background_position=&#8221;top_left&#8221; background_repeat=&#8221;repeat&#8221; text_orientation=&#8221;center&#8221; module_alignment=&#8221;center&#8221; use_border_color=&#8221;off&#8221; border_color=&#8221;#ffffff&#8221; border_style=&#8221;solid&#8221; disabled=&#8221;on&#8221; global_colors_info=&#8221;{}&#8221;]<\/p>\n<h3 style=\"font-weight: 300;\">Formulari d&#8217;inscripci\u00f3 Curs MATL<\/h3>\n<p style=\"text-align: center;\">[\/et_pb_text][et_pb_text disabled_on=&#8221;on|on|on&#8221; admin_label=&#8221;Condicions d&#8217;inscripci\u00f3 MATL&#8221; _builder_version=&#8221;4.16&#8243; background_size=&#8221;initial&#8221; background_position=&#8221;top_left&#8221; background_repeat=&#8221;repeat&#8221; use_border_color=&#8221;off&#8221; disabled=&#8221;on&#8221; global_colors_info=&#8221;{}&#8221;]<\/p>\n<p><div class='et-box et-info'>\n\t\t\t\t\t<div class='et-box-content'><strong>IMPORTANT!<\/strong>&#8211; <strong>Ingr\u00e9s socis\/s\u00f2cies: 170\u20ac&#8211; Ingr\u00e9s no socis\/s\u00f2cies: 180\u20ac<\/strong> (consulteu fraccionar el pagament en terminis al correu <strong>escolaanimacio@acpv.cat<\/strong>)&#8211; <strong>N\u00famero de compte corrent: ES48 2100 0700 1202 0029 4927 de &#8220;La Caixa&#8221;<\/strong><\/p>\n<p><strong>CONCEPTE:\u00a0Escola Animaci\u00f3\u00a0<\/strong>(Nom + MATL)<\/p>\n<p><strong>BENIFICIARI:<\/strong> Acci\u00f3 Cultural del PV<\/p>\n<div class=\"titol\"><strong>ATENCI\u00d3!<\/strong><\/div>\n<div class=\"titol\"><strong>&#8211; El rebut de pagament s\u2019adjuntar\u00e0 al formulari en el mateix moment de la inscripci\u00f3, si no,\u00a0no es formalitzar\u00e0 la matr\u00edcula del curs<\/strong>\u00a0i, per tant, no en quedar\u00e0 reservada la pla\u00e7a.<\/div>\n<div class=\"titol\"><strong>&#8211; Una vegada envieu la inscripci\u00f3, rebreu un correu<\/strong> amb les dades de la vostra inscripci\u00f3<strong>. Si no rebeu aquest correu torneu a enviar el formulari o contacteu amb nosaltres.<\/strong><\/div>\n<div class=\"titol\"><strong>&#8211; La pla\u00e7a no est\u00e0 confirmada fins que no tingueu el correu de confirmaci\u00f3<\/strong> una vegada tanquem el per\u00edode de matr\u00edcula.<\/div>\n<div class=\"titol\"><strong>&#8211; Canviar o anul\u00b7lar la matr\u00edcula:<\/strong> si voleu canviar d&#8217;horari, de grup o voleu anul\u00b7lar la matr\u00edcula, s&#8217;haur\u00e0 de fer sempre abans del tancament de la matr\u00edcula. Si no \u00e9s aix\u00ed, no farem la devoluci\u00f3 de l&#8217;import.<\/div>\n<div class=\"titol\">&#8211;\u00a0En tancar el per\u00edode de matr\u00edcula, l&#8217;<strong>Escola\u00a0el dret d&#8217;anul\u00b7lar els cursos<\/strong>, si no hi ha un m\u00ednim d&#8217;alumnes. En aquest cas us oferirem un canvi per un altra modalitat o la devoluci\u00f3 de l&#8217;import de la matr\u00edcula.<\/div>\n<div class=\"\">\n<div class=\"pagament\"><\/div><\/div><\/div>\n<\/div>\n<p style=\"text-align: center;\">[\/et_pb_text][et_pb_text _builder_version=&#8221;4.22.1&#8243; background_size=&#8221;initial&#8221; background_position=&#8221;top_left&#8221; background_repeat=&#8221;repeat&#8221; text_orientation=&#8221;center&#8221; module_alignment=&#8221;center&#8221; use_border_color=&#8221;off&#8221; border_color=&#8221;#ffffff&#8221; border_style=&#8221;solid&#8221; global_colors_info=&#8221;{}&#8221;]<\/p>\n<p style=\"font-weight: 300; text-align: center;\"><strong>Si teniu problemes amb el formulari, envieu-nos un correu electr\u00f2nic amb les vostres dades a <a href=\"mailto:escolaanimacio@acpv.cat\">escolaanimacio@acpv.cat<\/a><\/strong><\/p>\n<p style=\"text-align: center;\">[\/et_pb_text][et_pb_text disabled_on=&#8221;off|off|off&#8221; admin_label=&#8221;Formulari d&#8217;inscripci\u00f3 MATL&#8221; module_id=&#8221;formularimatl&#8221; _builder_version=&#8221;4.22.1&#8243; background_size=&#8221;initial&#8221; background_position=&#8221;top_left&#8221; background_repeat=&#8221;repeat&#8221; use_border_color=&#8221;off&#8221; global_colors_info=&#8221;{}&#8221;]<\/p>\n<div class=\"caldera-grid\" id=\"caldera_form_1\" data-cf-ver=\"1.9.4\" data-cf-form-id=\"CF67992cb7deec6\"><div id=\"caldera_notices_1\" data-spinner=\"https:\/\/acpv.cat\/animacio\/wp-admin\/images\/spinner.gif\"><\/div><form data-instance=\"1\" class=\"CF67992cb7deec6 caldera_forms_form cfajax-trigger\" method=\"POST\" enctype=\"multipart\/form-data\" id=\"CF67992cb7deec6_1\" data-form-id=\"CF67992cb7deec6\" aria-label=\"2025 - TEATRE\" data-target=\"#caldera_notices_1\" data-template=\"#cfajax_CF67992cb7deec6-tmpl\" data-cfajax=\"CF67992cb7deec6\" data-load-element=\"_parent\" data-load-class=\"cf_processing\" data-post-disable=\"0\" data-action=\"cf_process_ajax_submit\" data-request=\"https:\/\/acpv.cat\/animacio\/cf-api\/CF67992cb7deec6\">\r\n<input type=\"hidden\" id=\"_cf_verify_CF67992cb7deec6\" name=\"_cf_verify\" value=\"73906d79c1\"  data-nonce-time=\"1777805932\" \/><input type=\"hidden\" name=\"_wp_http_referer\" value=\"\/animacio\/wp-json\/wp\/v2\/pages\/1016\" \/><div id=\"cf2-CF67992cb7deec6_1\"><\/div><input type=\"hidden\" name=\"_cf_frm_id\" value=\"CF67992cb7deec6\">\r\n<input type=\"hidden\" name=\"_cf_frm_ct\" value=\"1\">\r\n<input type=\"hidden\" name=\"cfajax\" value=\"CF67992cb7deec6\">\r\n<input type=\"hidden\" name=\"_cf_cr_pst\" value=\"1016\">\r\n<div id=\"CF67992cb7deec6_1-row-1\"  class=\"row  first_row\"><div  class=\"col-sm-12  single\"><\/div><\/div><div id=\"CF67992cb7deec6_1-row-2\"  class=\"row \"><div  class=\"col-sm-3  first_col\"><div data-field-wrapper=\"fld_1690795\" class=\"form-group\" id=\"fld_1690795_1-wrap\">\r\n\t<label id=\"fld_1690795Label\" for=\"fld_1690795_1\" class=\"control-label screen-reader-text sr-only\">Nom<\/label>\r\n\t<div class=\"\">\r\n\t\t<input placeholder=\"Nom\"  required type=\"text\" data-field=\"fld_1690795\" class=\" form-control\" id=\"fld_1690795_1\" name=\"fld_1690795\" value=\"\" data-type=\"text\" aria-required=\"true\"   aria-labelledby=\"fld_1690795Label\" >\t\t\t<\/div>\r\n<\/div>\r\n<\/div><div  class=\"col-sm-3 \"><div data-field-wrapper=\"fld_1982502\" class=\"form-group\" id=\"fld_1982502_1-wrap\">\r\n\t<label id=\"fld_1982502Label\" for=\"fld_1982502_1\" class=\"control-label screen-reader-text sr-only\">Cognoms<\/label>\r\n\t<div class=\"\">\r\n\t\t<input placeholder=\"Cognoms\"  required type=\"text\" data-field=\"fld_1982502\" class=\" form-control\" id=\"fld_1982502_1\" name=\"fld_1982502\" value=\"\" data-type=\"text\" aria-required=\"true\"   aria-labelledby=\"fld_1982502Label\" >\t\t\t<\/div>\r\n<\/div>\r\n<\/div><div  class=\"col-sm-3 \"><div data-field-wrapper=\"fld_648699\" class=\"form-group\" id=\"fld_648699_1-wrap\">\r\n\t<label id=\"fld_648699Label\" for=\"fld_648699_1\" class=\"control-label screen-reader-text sr-only\">Adre\u00e7a electr\u00f2nica<\/label>\r\n\t<div class=\"\">\r\n\t\t<input placeholder=\"Adre\u00e7a electr\u00f2nica\"  required type=\"email\" data-field=\"fld_648699\" class=\" form-control\" id=\"fld_648699_1\" name=\"fld_648699\" value=\"\" data-type=\"email\" aria-required=\"true\"   aria-labelledby=\"fld_648699Label\" >\t\t\t<\/div>\r\n<\/div>\r\n<\/div><div  class=\"col-sm-3  last_col\"><div data-field-wrapper=\"fld_1645176\" class=\"form-group\" id=\"fld_1645176_1-wrap\">\r\n\t<label id=\"fld_1645176Label\" for=\"fld_1645176_1\" class=\"control-label screen-reader-text sr-only\">Tel\u00e8fon de contacte<\/label>\r\n\t<div class=\"\">\r\n\t\t<input placeholder=\"Tel\u00e8fon de contacte\"  required type=\"tel\" data-field=\"fld_1645176\" class=\" form-control\" id=\"fld_1645176_1\" name=\"fld_1645176\" value=\"\" data-type=\"tel\" aria-required=\"true\"   aria-labelledby=\"fld_1645176Label\" >\t\t\t<\/div>\r\n<\/div>\r\n<\/div><\/div><div id=\"CF67992cb7deec6_1-row-3\"  class=\"row \"><div  class=\"col-sm-3  first_col\"><div data-field-wrapper=\"fld_3159446\" class=\"form-group\" id=\"fld_3159446_1-wrap\">\r\n\t<label id=\"fld_3159446Label\" for=\"fld_3159446_1\" class=\"control-label screen-reader-text sr-only\">Adre\u00e7a postal<\/label>\r\n\t<div class=\"\">\r\n\t\t<input placeholder=\"Adre\u00e7a postal\"  required type=\"text\" data-field=\"fld_3159446\" class=\" form-control\" id=\"fld_3159446_1\" name=\"fld_3159446\" value=\"\" data-type=\"text\" aria-required=\"true\"   aria-labelledby=\"fld_3159446Label\" >\t\t\t<\/div>\r\n<\/div>\r\n<\/div><div  class=\"col-sm-3 \"><div data-field-wrapper=\"fld_33092\" class=\"form-group\" id=\"fld_33092_1-wrap\">\r\n\t<label id=\"fld_33092Label\" for=\"fld_33092_1\" class=\"control-label screen-reader-text sr-only\">Localitat<\/label>\r\n\t<div class=\"\">\r\n\t\t<input placeholder=\"Localitat\"  required type=\"text\" data-field=\"fld_33092\" class=\" form-control\" id=\"fld_33092_1\" name=\"fld_33092\" value=\"\" data-type=\"text\" aria-required=\"true\"   aria-labelledby=\"fld_33092Label\" >\t\t\t<\/div>\r\n<\/div>\r\n<\/div><div  class=\"col-sm-3 \"><div data-field-wrapper=\"fld_731672\" class=\"form-group\" id=\"fld_731672_1-wrap\">\r\n\t<label id=\"fld_731672Label\" for=\"fld_731672_1\" class=\"control-label screen-reader-text sr-only\">DNI<\/label>\r\n\t<div class=\"\">\r\n\t\t<input placeholder=\"DNI\"  required type=\"text\" data-field=\"fld_731672\" class=\" form-control\" id=\"fld_731672_1\" name=\"fld_731672\" value=\"\" data-type=\"text\" aria-required=\"true\"   aria-labelledby=\"fld_731672Label\" >\t\t\t<\/div>\r\n<\/div>\r\n<\/div><div  class=\"col-sm-3  last_col\"><div data-field-wrapper=\"fld_7309175\" class=\"form-group\" id=\"fld_7309175_1-wrap\">\r\n\t<label id=\"fld_7309175Label\" for=\"fld_7309175_1\" class=\"control-label screen-reader-text sr-only\">Codi Postal<\/label>\r\n\t<div class=\"\">\r\n\t\t<input placeholder=\"Codi Postal\"  required type=\"text\" data-field=\"fld_7309175\" class=\" form-control\" id=\"fld_7309175_1\" name=\"fld_7309175\" value=\"\" data-type=\"text\" aria-required=\"true\"   aria-labelledby=\"fld_7309175Label\" >\t\t\t<\/div>\r\n<\/div>\r\n<\/div><\/div><div id=\"CF67992cb7deec6_1-row-4\"  class=\"row \"><div  class=\"col-sm-12  single\"><div class=\"\"><div align=\"center\" style=\"border-top: 1px #cfcccc solid; width:100%; height:15px; margin-top:15px;\"><\/div>\n<\/div><\/div><\/div><div id=\"CF67992cb7deec6_1-row-5\"  class=\"row \"><div  class=\"col-sm-3  first_col\"><div data-field-wrapper=\"fld_6744402\" class=\"form-group\" id=\"fld_6744402_1-wrap\">\r\n\t<label id=\"fld_6744402Label\" for=\"fld_6744402_1\" class=\"control-label\">Data de naixement <span aria-hidden=\"true\" role=\"presentation\" class=\"field_required\" style=\"color:#ee0000;\">*<\/span><\/label>\r\n\t<div class=\"\">\r\n\t\t<input placeholder=\"dd-mm-aaaa\"  required type=\"text\" data-field=\"fld_6744402\" class=\" form-control\" id=\"fld_6744402_1\" name=\"fld_6744402\" value=\"\" data-type=\"text\" aria-required=\"true\"   aria-labelledby=\"fld_6744402Label\" >\t\t\t<\/div>\r\n<\/div>\r\n<\/div><div  class=\"col-sm-3 \"><div id=\"cf2-fld_8916457_1\" class=\"cf2-field-wrapper\" data-field-id=\"fld_8916457_1\"><\/div><\/div><div  class=\"col-sm-3 \"><\/div><div  class=\"col-sm-3  last_col\"><\/div><\/div><div id=\"CF67992cb7deec6_1-row-6\"  class=\"row \"><div  class=\"col-sm-12  single\"><div class=\"\"><div align=\"center\" style=\"border-top: 1px #cfcccc solid; width:100%; height:15px; margin-top:15px;\"><\/div>\n<\/div><\/div><\/div><div id=\"CF67992cb7deec6_1-row-7\"  class=\"row \"><div  class=\"col-sm-4  first_col\"><div data-field-wrapper=\"fld_7442391\" class=\"form-group\" id=\"fld_7442391_1-wrap\">\r\n\t<label id=\"fld_7442391Label\" for=\"fld_7442391_1\" class=\"control-label\">Comentaris<\/label>\r\n\t<div class=\"\">\r\n\t\t<textarea name=\"fld_7442391\" value=\"\" data-field=\"fld_7442391\" class=\"form-control\" id=\"fld_7442391_1\" rows=\"2\"    aria-labelledby=\"fld_7442391Label\" ><\/textarea>\n\t\t\t<\/div>\r\n<\/div>\r\n<\/div><div  class=\"col-sm-1 \"><\/div><div  class=\"col-sm-2 \"><div data-field-wrapper=\"fld_8644790\" class=\"form-group\" id=\"fld_8644790_1-wrap\">\r\n<label id=\"fld_8644790Label\" for=\"fld_8644790_1\" class=\"control-label\">Quantitat de l'ingr\u00e9s <span aria-hidden=\"true\" role=\"presentation\" class=\"field_required\" style=\"color:#ee0000;\">*<\/span><\/label>\r\n<div class=\"\">\r\n\t\t\t\t\t<div class=\"radio\">\n\t\t\t\t<label data-label=\"90 \u20ac\" for=\"fld_8644790_1_opt1856178\"><input type=\"radio\" id=\"fld_8644790_1_opt1856178\" data-field=\"fld_8644790\" class=\"fld_8644790_1 option-required\" name=\"fld_8644790\" value=\"90 \u20ac\"   required=\"required\" data-radio-field=\"fld_8644790_1\" data-type=\"radio\" data-calc-value=\"90 \u20ac\" \/>\n\t\t\t90 \u20ac\t\t<\/label>\n\t\t\t\t\t<\/div>\n\t\t\t\t\t\t\t\t\t<div class=\"radio\">\n\t\t\t\t<label data-label=\"80 \u20ac\" for=\"fld_8644790_1_opt1128621\"><input type=\"radio\" id=\"fld_8644790_1_opt1128621\" data-field=\"fld_8644790\" class=\"fld_8644790_1 option-required\" name=\"fld_8644790\" value=\"80 \u20ac\"   required=\"required\" data-radio-field=\"fld_8644790_1\" data-type=\"radio\" data-calc-value=\"80 \u20ac\" \/>\n\t\t\t80 \u20ac\t\t<\/label>\n\t\t\t\t\t<\/div>\n\t\t\t\t\t\t\t\t\t<div class=\"radio\">\n\t\t\t\t<label data-label=\"75 \u20ac\" for=\"fld_8644790_1_opt1483249\"><input type=\"radio\" id=\"fld_8644790_1_opt1483249\" data-field=\"fld_8644790\" class=\"fld_8644790_1 option-required\" name=\"fld_8644790\" value=\"75\"   required=\"required\" data-radio-field=\"fld_8644790_1\" data-type=\"radio\" data-calc-value=\"75\" \/>\n\t\t\t75 \u20ac\t\t<\/label>\n\t\t\t\t\t<\/div>\n\t\t\t\t<\/div>\r\n<\/div>\r\n<\/div><div  class=\"col-sm-5  last_col\"><div data-field-wrapper=\"fld_9301754\" class=\"form-group\" id=\"fld_9301754_1-wrap\">\r\n\t<label id=\"fld_9301754Label\" for=\"fld_9301754_1\" class=\"control-label\">Ingr\u00e9s de la matr\u00edcula - Adjunteu la c\u00f2pia de l'ingr\u00e9s <span aria-hidden=\"true\" role=\"presentation\" class=\"field_required\" style=\"color:#ee0000;\">*<\/span><\/label>\r\n\t\t<div class=\"\">\r\n\t\t\t<div\n\t\t\t\t\tid=\"fld_9301754_1_file_list\"\n\t\t\t\t\tdata-id=\"fld_9301754_1\"\n\t\t\t\t\tdata-field=\"fld_9301754\"\n\t\t\t\t\tclass=\"cf-multi-uploader-list\"\n\t\t\t><\/div>\n\n\t\t\t<button\n\t\t\t\t\tid=\"fld_9301754_1_trigger\"\n\t\t\t\t\ttype=\"button\"\n\t\t\t\t\tclass=\"btn btn-block cf-uploader-trigger\"\n\t\t\t\t\tdata-parent=\"fld_9301754_1\"\n\t\t\t>\n\t\t\t\tAdjunteu arxiu\t\t\t<\/button>\n\n\t\t\t<input\n\t\t\t\t\tstyle=\"display:none;\" accept=\".jpg,.pdf,.doc\"\t\t\t\t\tclass=\"cf-multi-uploader\"\n\t\t\t\t\tdata-config=\"{&quot;custom_class&quot;:&quot;&quot;,&quot;attach&quot;:1,&quot;multi_upload&quot;:1,&quot;multi_upload_text&quot;:&quot;Adjunteu arxiu&quot;,&quot;allowed&quot;:[&quot;image\\\/jpeg&quot;,&quot;jpg&quot;,&quot;application\\\/pdf&quot;,&quot;pdf&quot;,&quot;application\\\/msword&quot;,&quot;doc&quot;],&quot;email_identifier&quot;:0,&quot;personally_identifying&quot;:0,&quot;max_size&quot;:1073741824,&quot;notices&quot;:{&quot;file_exceeds_size_limit&quot;:&quot;File exceeds the maximum upload size for this site.&quot;,&quot;zero_byte_file&quot;:&quot;This file is empty. Please try another.&quot;,&quot;invalid_filetype&quot;:&quot;This file type is not allowed. Please try another.&quot;}}\"\n\t\t\t\t\tdata-controlid=\"trupl69f72a6c1ee47\"   multiple=\"multiple\" data-required=\"true\"\t\t\t\t\ttype=\"file\"\n\t\t\t\t\tdata-field=\"fld_9301754\"\n\t\t\t\t\tid=\"fld_9301754_1\"\n\t\t\t\t\tname=\"fld_9301754\" >\n\t\t\t<input\n\t\t\t\t\tstyle=\"display:none;\"\n\t\t\t\t\ttype=\"text\"\n\t\t\t\t\tid=\"fld_9301754_1_validator\"\n\t\t\t\t\tdata-field=\"fld_9301754\"\n\t\t\t\t\tdata-parsley-file-type=\"true\" required=\"required\"data-required=\"true\" >\n\t\t\t<input\n\t\t\t\t\ttype=\"hidden\"\n\t\t\t\t\tname=\"fld_9301754\"\n\t\t\t\t\tvalue=\"trupl69f72a6c1ee47\"\n\t\t\t>\n\t\t\t<span id=\"fld_9301754Caption\" class=\"help-block\">Arxius PDF, JPG i DOC<\/span>\r\n\t<\/div>\r\n<\/div>\r\n<\/div><\/div><div id=\"CF67992cb7deec6_1-row-8\"  class=\"row \"><div  class=\"col-sm-12  single\"><div class=\"\"><div align=\"center\" style=\"border-top: 1px #cfcccc solid; width:100%; height:15px; margin-top:15px;\"><\/div>\n<\/div><\/div><\/div><div id=\"CF67992cb7deec6_1-row-9\"  class=\"row \"><div  class=\"col-sm-6  first_col\"><div class=\"titol\"><p>Important<\/p>\n<\/div><div class=\"\"><p style=\"font-size:10px; line-height:11px;\">Abans d'enviar la inscripci\u00f3 del curs assegureu-vos que la vostra adre\u00e7a electr\u00f2nica estiga ben escrita al formulari. Una vegada l'envieu, us arribar\u00e0 un correu a la vostra adre\u00e7a amb la inscripci\u00f3 (pot tardar uns minuts). Si no hi heu rebut res, la inscripci\u00f3 no s'ha enviat correctament i l'Escola d'Animaci\u00f3 no haur\u00e0 rebut la vostra inscripci\u00f3.<br \/>\n  Assegureu-vos que teniu el correu. Gr\u00e0cies.<\/p>\n<\/div><div class=\"\"><\/div><div data-field-wrapper=\"fld_8173111\" class=\"form-group\" id=\"fld_8173111_1-wrap\">\r\n\t<label id=\"fld_8173111Label\" for=\"fld_8173111_1\" class=\"control-label screen-reader-text sr-only\">Rebre informaci\u00f3 de l'Escola d'Animaci\u00f3<\/label>\r\n\t<div class=\"\">\r\n\t\t\t\t\t\t\t\t\t\t\t<div class=\"checkbox\">\n\t\t\t\t\n                <label                         for=\"fld_8173111_1_opt1166173\"\n                >\n                            <input\n                                                                type=\"checkbox\"\n                                data-label=\"Si, vull rebre informaci\u00f3 de l&#039;Escola d&#039;Animaci\u00f3\"\n                                data-field=\"fld_8173111\"\n                                id=\"fld_8173111_1_opt1166173\"\n                                class=\"fld_8173111_1\"\n                                name=\"fld_8173111[opt1166173]\"\n                                value=\"Si, vull rebre informaci\u00f3 de l&#039;Escola d&#039;Animaci\u00f3\"\n                                                                data-type=\"checkbox\"\n                                data-checkbox-field=\"fld_8173111_1\"\n                                                                data-calc-value=\"Si, vull rebre informaci\u00f3 de l&#039;Escola d&#039;Animaci\u00f3\"\n                            >\n                    Si, vull rebre informaci\u00f3 de l'Escola d'Animaci\u00f3                <\/label>\n\n                \t\t\t\t\t<\/div>\n\t\t\t\t\t\t\t\t\t\t<span id=\"fld_8173111Caption\" class=\"help-block\">De conformitat amb el que disposa l\u2019article 5 de la LO 15\/1999, de Protecci\u00f3 de Dades de Car\u00e0cter Personal,\u00a0s\u2019informa a les persones que marquen la casella \"Rebre informaci\u00f3\", que les dades facilitades seran incorporades a un fitxer, comunicat al Registre General de Protecci\u00f3 de Dades, amb la finalitat de poder satisfer la sol\u00b7licitud i enviar informaci\u00f3 general sobre ACPV. En marcar aquesta casella, d\u00f3na el seu consentiment expr\u00e9s per al tractament de les dades personals per a les finalitats indicades. <\/span>\r\n\t<\/div>\r\n<\/div>\r\n<\/div><div  class=\"col-sm-1 \"><\/div><div  class=\"col-sm-5  last_col\"><div data-field-wrapper=\"fld_1064060\" class=\"form-group botoinscripcio\" id=\"fld_1064060_1-wrap\">\r\n<div class=\"\">\r\n\t<input  class=\"btn btn-default\" type=\"submit\" name=\"fld_1064060\" id=\"fld_1064060_1\" value=\"Enviar inscripci\u00f3\" data-field=\"fld_1064060\"  >\n<\/div>\r\n<\/div>\r\n\t<input class=\"button_trigger_1\" type=\"hidden\" name=\"fld_1064060\" id=\"fld_1064060_1_btn\" value=\"\" data-field=\"fld_1064060\"  \/>\n<div class=\"\"><p style=\"font-size:11px; line-height:12px;\">En enviar el formulari accepteu les condicions especificades<\/p>\n<\/div><\/div><\/div><div id=\"CF67992cb7deec6_1-row-10\"  class=\"row  last_row\"><div  class=\"col-sm-12  single\"><\/div><\/div><\/form>\r\n<\/div>\r\n\n<p>[\/et_pb_text][et_pb_divider show_divider=&#8221;off&#8221; disabled_on=&#8221;on|on|off&#8221; _builder_version=&#8221;4.16&#8243; height=&#8221;15px&#8221; hide_on_mobile=&#8221;on&#8221; global_colors_info=&#8221;{}&#8221;]<\/p>\n<p>\n&nbsp;<\/p>\n<p style=\"text-align: center;\">\n[\/et_pb_divider][\/et_pb_column][\/et_pb_row][\/et_pb_section]<\/p>\n","protected":false},"excerpt":{"rendered":"<p>&nbsp; Curs: Teatre i animaci\u00f3 sociocultural juvenil &nbsp; &nbsp; \u00a0Teatre i Animaci\u00f3 Sociocultural Juvenil: Eines per a la Inclusi\u00f3 i la Transformaci\u00f3 Social\u00a0 Duraci\u00f3 total: 21 hores (6 sessions de 3,5 hores)\u00a0Objectiu general: Proporcionar eines teatrals que fomenten la inclusi\u00f3, la participaci\u00f3 i la reflexi\u00f3 cr\u00edtica en contextos juvenils, integrant elements de teatre f\u00edsic, teatre [&hellip;]<\/p>\n","protected":false},"author":1,"featured_media":662,"parent":0,"menu_order":0,"comment_status":"closed","ping_status":"closed","template":"","meta":{"_et_pb_use_builder":"on","_et_pb_old_content":"","_et_gb_content_width":""},"_links":{"self":[{"href":"https:\/\/acpv.cat\/animacio\/wp-json\/wp\/v2\/pages\/1016"}],"collection":[{"href":"https:\/\/acpv.cat\/animacio\/wp-json\/wp\/v2\/pages"}],"about":[{"href":"https:\/\/acpv.cat\/animacio\/wp-json\/wp\/v2\/types\/page"}],"author":[{"embeddable":true,"href":"https:\/\/acpv.cat\/animacio\/wp-json\/wp\/v2\/users\/1"}],"replies":[{"embeddable":true,"href":"https:\/\/acpv.cat\/animacio\/wp-json\/wp\/v2\/comments?post=1016"}],"version-history":[{"count":17,"href":"https:\/\/acpv.cat\/animacio\/wp-json\/wp\/v2\/pages\/1016\/revisions"}],"predecessor-version":[{"id":2936,"href":"https:\/\/acpv.cat\/animacio\/wp-json\/wp\/v2\/pages\/1016\/revisions\/2936"}],"wp:featuredmedia":[{"embeddable":true,"href":"https:\/\/acpv.cat\/animacio\/wp-json\/wp\/v2\/media\/662"}],"wp:attachment":[{"href":"https:\/\/acpv.cat\/animacio\/wp-json\/wp\/v2\/media?parent=1016"}],"curies":[{"name":"wp","href":"https:\/\/api.w.org\/{rel}","templated":true}]}}