{"id":1454,"date":"2024-09-06T13:45:54","date_gmt":"2024-09-06T11:45:54","guid":{"rendered":"https:\/\/acpv.cat\/paisestelles\/?post_type=tribe_events&#038;p=1454"},"modified":"2024-09-06T13:46:27","modified_gmt":"2024-09-06T11:46:27","slug":"estelles-club-cabaret-a-alacant","status":"publish","type":"tribe_events","link":"https:\/\/acpv.cat\/paisestelles\/esdeveniments\/estelles-club-cabaret-a-alacant\/","title":{"rendered":"Estell\u00e9s, Club Cabaret a Alacant"},"content":{"rendered":"<p>ACPV (Acci\u00f3 Cultural del Pa\u00eds Valenci\u00e0) presenta l\u2019espectacle <em>Estell\u00e9s, club cabaret<\/em> a c\u00e0rrec de Circorama, que tindr\u00e0 lloc el pr\u00f2xim dijous 12 de setembre de 2024 a les 19 h a la Llibreria Pynchon&amp;Co d\u2019<strong>Alacant (carrer Segura 22).<\/strong><\/p>\n<p>L\u2019espectacle, que promet ser una nit inoblidable plena de m\u00fasica, poesia i humor, est\u00e0 dedicat a la figura del poeta valenci\u00e0 <strong>Vicent Andr\u00e9s Estell\u00e9s<\/strong>. Circorama ha preparat un espectacle de cabaret \u00edntim i innovador que ret homenatge a l\u2019obra d\u2019un dels poetes m\u00e9s estimats i influents del <strong>Pa\u00eds Valenci\u00e0<\/strong>.<\/p>\n<p><strong>Detalls de l\u2019esdeveniment:<\/strong><\/p>\n<ul class=\"wp-block-list\">\n<li><strong>Data:<\/strong> Dijous, 12 de setembre de 2024<\/li>\n<li><strong>Hora:<\/strong> 19 h<\/li>\n<li><strong>Lloc:<\/strong> Llibreria Pynchon&amp;Co, Alacant (carrer Segura 22)<\/li>\n<li><strong>Entrades anticipades:<\/strong> 5\u202f\u20ac\n<ul class=\"wp-block-list\">\n<li>Les entrades es poden adquirir a trav\u00e9s del seg\u00fcent enlla\u00e7: <a href=\"https:\/\/www.enterticket.es\/eventos\/estelles-clubcabaret-401119\" data-type=\"link\" data-id=\"https:\/\/www.enterticket.es\/eventos\/estelles-clubcabaret-401119\">Entrades \u201cEstell\u00e9s, club cabaret\u201d<\/a><\/li>\n<li>Tamb\u00e9 es podran comprar el mateix dia de l\u2019esdeveniment a la taquilla.<\/li>\n<\/ul>\n<\/li>\n<\/ul>\n<p>Per a m\u00e9s informaci\u00f3 i reserves, podeu contactar amb nosaltres a trav\u00e9s del correu electr\u00f2nic: <a>alacant@acpv.cat<\/a>.<\/p>\n<p><strong>Col\u00b7laboren:<\/strong><\/p>\n<ul class=\"wp-block-list\">\n<li><strong>ACPV (Acci\u00f3 Cultural del Pa\u00eds Valenci\u00e0)<\/strong><\/li>\n<li><strong>Llibreria Pynchon&amp;Co<\/strong><\/li>\n<li><strong>Generalitat de Catalunya \u2013 Departament de Cultura<\/strong><\/li>\n<li><strong>Generalitat Valenciana<\/strong><\/li>\n<\/ul>\n","protected":false},"excerpt":{"rendered":"<p>ACPV (Acci\u00f3 Cultural del Pa\u00eds Valenci\u00e0) presenta l\u2019espectacle Estell\u00e9s, club cabaret a c\u00e0rrec de Circorama, que tindr\u00e0 lloc el pr\u00f2xim dijous 12 de setembre de 2024 a les 19 h [&hellip;]<\/p>\n","protected":false},"author":2,"featured_media":1455,"comment_status":"closed","ping_status":"closed","template":"","meta":{"_et_pb_use_builder":"","_et_pb_old_content":"","_et_gb_content_width":"","_tribe_events_status":"","_tribe_events_status_reason":"","footnotes":""},"tags":[],"tribe_events_cat":[4],"class_list":["post-1454","tribe_events","type-tribe_events","status-publish","has-post-thumbnail","hentry","tribe_events_cat-agenda","cat_agenda"],"_links":{"self":[{"href":"https:\/\/acpv.cat\/paisestelles\/wp-json\/wp\/v2\/tribe_events\/1454","targetHints":{"allow":["GET"]}}],"collection":[{"href":"https:\/\/acpv.cat\/paisestelles\/wp-json\/wp\/v2\/tribe_events"}],"about":[{"href":"https:\/\/acpv.cat\/paisestelles\/wp-json\/wp\/v2\/types\/tribe_events"}],"author":[{"embeddable":true,"href":"https:\/\/acpv.cat\/paisestelles\/wp-json\/wp\/v2\/users\/2"}],"replies":[{"embeddable":true,"href":"https:\/\/acpv.cat\/paisestelles\/wp-json\/wp\/v2\/comments?post=1454"}],"version-history":[{"count":1,"href":"https:\/\/acpv.cat\/paisestelles\/wp-json\/wp\/v2\/tribe_events\/1454\/revisions"}],"predecessor-version":[{"id":1457,"href":"https:\/\/acpv.cat\/paisestelles\/wp-json\/wp\/v2\/tribe_events\/1454\/revisions\/1457"}],"wp:featuredmedia":[{"embeddable":true,"href":"https:\/\/acpv.cat\/paisestelles\/wp-json\/wp\/v2\/media\/1455"}],"wp:attachment":[{"href":"https:\/\/acpv.cat\/paisestelles\/wp-json\/wp\/v2\/media?parent=1454"}],"wp:term":[{"taxonomy":"post_tag","embeddable":true,"href":"https:\/\/acpv.cat\/paisestelles\/wp-json\/wp\/v2\/tags?post=1454"},{"taxonomy":"tribe_events_cat","embeddable":true,"href":"https:\/\/acpv.cat\/paisestelles\/wp-json\/wp\/v2\/tribe_events_cat?post=1454"}],"curies":[{"name":"wp","href":"https:\/\/api.w.org\/{rel}","templated":true}]}}