{"id":1459,"date":"2024-09-07T16:07:57","date_gmt":"2024-09-07T14:07:57","guid":{"rendered":"https:\/\/acpv.cat\/paisestelles\/?post_type=tribe_events&#038;p=1459"},"modified":"2024-09-07T16:08:05","modified_gmt":"2024-09-07T14:08:05","slug":"presentacio-del-llibre-un-ram-convuls-de-sillabes-de-vidre-homenatge-a-vicent-andres-estelles","status":"publish","type":"tribe_events","link":"https:\/\/acpv.cat\/paisestelles\/esdeveniments\/presentacio-del-llibre-un-ram-convuls-de-sillabes-de-vidre-homenatge-a-vicent-andres-estelles\/","title":{"rendered":"Presentaci\u00f3 del llibre Un ram convuls de s\u00edl\u00b7labes de vidre. Homenatge a Vicent Andr\u00e9s Estell\u00e9s."},"content":{"rendered":"<p>Edici\u00f3 a cura de <strong>Josep Lozano<\/strong> i <strong>Salvador Vendrell<\/strong>.<\/p>\n<p>Participaran en la presentaci\u00f3: <strong>Rafa Xamb\u00f3, Merc\u00e9 Viana, Jes\u00fas Figuerola, Salvador Vendrell<\/strong> i <strong>Josep Lozano<\/strong>.<\/p>\n<p>Com f\u00e9rem ja en el 2017 amb<em> Nosaltres, els fusterians<\/em> per a suplir el silenci institucional d\u2019aleshores entorn a la celebraci\u00f3 dels vint-i-cinc anys de la mort de l\u2019assagista de Sueca, hem confegit aquest <em>Un ram convuls de s\u00edl\u00b7labes de vidre<\/em>, t\u00edtol manllevat d\u2019un dels versos de \u2018Sonata d\u2019Isabel\u2019 per honorar l\u2019obra i la figura de Vicent Andr\u00e9s Estell\u00e9s en el centenari del seu naixement.<\/p>\n<p>Un recull en qu\u00e8 han participat quasi un centenar divers de persones que estimen la literatura amb maj\u00fascules i, per tant, estellesians, on no estan tots els que s\u00f3n, per\u00f2 s\u00ed som tots els que estem.<\/p>\n","protected":false},"excerpt":{"rendered":"<p>Edici\u00f3 a cura de Josep Lozano i Salvador Vendrell. Participaran en la presentaci\u00f3: Rafa Xamb\u00f3, Merc\u00e9 Viana, Jes\u00fas Figuerola, Salvador Vendrell i Josep Lozano. Com f\u00e9rem ja en el 2017 [&hellip;]<\/p>\n","protected":false},"author":2,"featured_media":1460,"comment_status":"closed","ping_status":"closed","template":"","meta":{"_et_pb_use_builder":"","_et_pb_old_content":"","_et_gb_content_width":"","_tribe_events_status":"","_tribe_events_status_reason":"","footnotes":""},"tags":[],"tribe_events_cat":[4],"class_list":["post-1459","tribe_events","type-tribe_events","status-publish","has-post-thumbnail","hentry","tribe_events_cat-agenda","cat_agenda"],"_links":{"self":[{"href":"https:\/\/acpv.cat\/paisestelles\/wp-json\/wp\/v2\/tribe_events\/1459","targetHints":{"allow":["GET"]}}],"collection":[{"href":"https:\/\/acpv.cat\/paisestelles\/wp-json\/wp\/v2\/tribe_events"}],"about":[{"href":"https:\/\/acpv.cat\/paisestelles\/wp-json\/wp\/v2\/types\/tribe_events"}],"author":[{"embeddable":true,"href":"https:\/\/acpv.cat\/paisestelles\/wp-json\/wp\/v2\/users\/2"}],"replies":[{"embeddable":true,"href":"https:\/\/acpv.cat\/paisestelles\/wp-json\/wp\/v2\/comments?post=1459"}],"version-history":[{"count":1,"href":"https:\/\/acpv.cat\/paisestelles\/wp-json\/wp\/v2\/tribe_events\/1459\/revisions"}],"predecessor-version":[{"id":1461,"href":"https:\/\/acpv.cat\/paisestelles\/wp-json\/wp\/v2\/tribe_events\/1459\/revisions\/1461"}],"wp:featuredmedia":[{"embeddable":true,"href":"https:\/\/acpv.cat\/paisestelles\/wp-json\/wp\/v2\/media\/1460"}],"wp:attachment":[{"href":"https:\/\/acpv.cat\/paisestelles\/wp-json\/wp\/v2\/media?parent=1459"}],"wp:term":[{"taxonomy":"post_tag","embeddable":true,"href":"https:\/\/acpv.cat\/paisestelles\/wp-json\/wp\/v2\/tags?post=1459"},{"taxonomy":"tribe_events_cat","embeddable":true,"href":"https:\/\/acpv.cat\/paisestelles\/wp-json\/wp\/v2\/tribe_events_cat?post=1459"}],"curies":[{"name":"wp","href":"https:\/\/api.w.org\/{rel}","templated":true}]}}